{"id":238,"date":"2013-12-22T10:00:57","date_gmt":"2013-12-22T09:00:57","guid":{"rendered":"http:\/\/www.otuzilci-brno.cz\/?page_id=238"},"modified":"2014-01-07T11:03:02","modified_gmt":"2014-01-07T10:03:02","slug":"galerie","status":"publish","type":"page","link":"https:\/\/www.otuzilci-brno.cz\/?page_id=238","title":{"rendered":"Galerie"},"content":{"rendered":"\n<!-- Page-list plugin v.5.9 wordpress.org\/plugins\/page-list\/ -->\n<div class=\"page-list page-list-ext \">\n<div class=\"page-list-ext-item\"><div class=\"page-list-ext-image\"><a href=\"https:\/\/www.otuzilci-brno.cz\/?page_id=3522\" title=\"48. ro\u010dn\u00edk nap\u0159\u00ed\u010d Chocn\u00ed - 8.12.2018\"><img decoding=\"async\" src=\"https:\/\/www.otuzilci-brno.cz\/wp-content\/uploads\/31319218517_55e747385f_m1-150x99.jpg\" width=\"50\" alt=\"48. ro\u010dn\u00edk nap\u0159\u00ed\u010d Chocn\u00ed - 8.12.2018\" \/><\/a><\/div> <h3 class=\"page-list-ext-title\"><a href=\"https:\/\/www.otuzilci-brno.cz\/?page_id=3522\" title=\"48. ro\u010dn\u00edk nap\u0159\u00ed\u010d Chocn\u00ed - 8.12.2018\">48. ro\u010dn\u00edk nap\u0159\u00ed\u010d Chocn\u00ed - 8.12.2018<\/a><\/h3><div class=\"page-list-ext-item-content\">Z\u00e1vod zimn\u00edho plav\u00e1n\u00ed.\n\u00a9Foto:\u00a0Dalimil Marek \n<\/div><\/div>\n<div class=\"page-list-ext-item\"><div class=\"page-list-ext-image\"><a href=\"https:\/\/www.otuzilci-brno.cz\/?page_id=3510\" title=\"8. ro\u010dn\u00edk D\u00edro m\u00e1ch\u00e1n\u00ed \u0160o\u0161\u016fvka lom  - 3.3.2019\"><img decoding=\"async\" src=\"https:\/\/www.otuzilci-brno.cz\/wp-content\/uploads\/33404019708_dbd50f7676_m1-150x99.jpg\" width=\"50\" alt=\"8. ro\u010dn\u00edk D\u00edro m\u00e1ch\u00e1n\u00ed \u0160o\u0161\u016fvka lom  - 3.3.2019\" \/><\/a><\/div> <h3 class=\"page-list-ext-title\"><a href=\"https:\/\/www.otuzilci-brno.cz\/?page_id=3510\" title=\"8. ro\u010dn\u00edk D\u00edro m\u00e1ch\u00e1n\u00ed \u0160o\u0161\u016fvka lom  - 3.3.2019\">8. ro\u010dn\u00edk D\u00edro m\u00e1ch\u00e1n\u00ed \u0160o\u0161\u016fvka lom  - 3.3.2019<\/a><\/h3><div class=\"page-list-ext-item-content\">Z\u00e1vod zimn\u00edho plav\u00e1n\u00ed.\n\u00a9Foto:\u00a0Dalimil Marek \n\nP\u0159\u00edprava \n\u00a9Foto:\u00a0Dalimil Marek \n<\/div><\/div>\n<div class=\"page-list-ext-item\"><div class=\"page-list-ext-image\"><a href=\"https:\/\/www.otuzilci-brno.cz\/?page_id=3506\" title=\"ZIMN\u00cd PLAV\u00c1N\u00cd V S\u00c1ZAV\u011a 4. ro\u010dn\u00edk Memori\u00e1lu Vladim\u00edra Tup\u00e9ho S\u00e1zava  - 16.2.2019\"><img decoding=\"async\" src=\"https:\/\/www.otuzilci-brno.cz\/wp-content\/uploads\/33250552018_5677085376_n1-150x100.jpg\" width=\"50\" alt=\"ZIMN\u00cd PLAV\u00c1N\u00cd V S\u00c1ZAV\u011a 4. ro\u010dn\u00edk Memori\u00e1lu Vladim\u00edra Tup\u00e9ho S\u00e1zava  - 16.2.2019\" \/><\/a><\/div> <h3 class=\"page-list-ext-title\"><a href=\"https:\/\/www.otuzilci-brno.cz\/?page_id=3506\" title=\"ZIMN\u00cd PLAV\u00c1N\u00cd V S\u00c1ZAV\u011a 4. ro\u010dn\u00edk Memori\u00e1lu Vladim\u00edra Tup\u00e9ho S\u00e1zava  - 16.2.2019\">ZIMN\u00cd PLAV\u00c1N\u00cd V S\u00c1ZAV\u011a 4. ro\u010dn\u00edk Memori\u00e1lu Vladim\u00edra Tup\u00e9ho S\u00e1zava  - 16.2.2019<\/a><\/h3><div class=\"page-list-ext-item-content\">Z\u00e1vod zimn\u00edho plav\u00e1n\u00ed.\n\u00a9Foto:&nbsp;Dalimil Marek \n<\/div><\/div>\n<div class=\"page-list-ext-item\"><div class=\"page-list-ext-image\"><a href=\"https:\/\/www.otuzilci-brno.cz\/?page_id=3516\" title=\"BLED\"><img decoding=\"async\" src=\"https:\/\/www.otuzilci-brno.cz\/wp-content\/uploads\/32083256337_5dd9a9d002_m1-150x99.jpg\" width=\"50\" alt=\"BLED\" \/><\/a><\/div> <h3 class=\"page-list-ext-title\"><a href=\"https:\/\/www.otuzilci-brno.cz\/?page_id=3516\" title=\"BLED\">BLED<\/a><\/h3><div class=\"page-list-ext-item-content\">\nZ\u00e1vod sv\u011btov\u00e9ho poh\u00e1ru v zimn\u00ed, plav\u00e1n\u00ed. \n\n\n\nDen 1 \n\n\n\n\n\n\n\n\n \n\n\n\nDen 2 \n\n\n\n\n\n\n\nDen 3 \n\n\n\n\n \n\n\n\nDen 4 \n\n\n\n \n\n\n\n \n\n\n\n \n<\/div><\/div>\n<div class=\"page-list-ext-item\"><div class=\"page-list-ext-image\"><a href=\"https:\/\/www.otuzilci-brno.cz\/?page_id=3519\" title=\"Br\u00e1nick\u00e9 ledy- 2.2.2019\"><img decoding=\"async\" src=\"https:\/\/www.otuzilci-brno.cz\/wp-content\/uploads\/33094237048_567a010c51_m1-150x99.jpg\" width=\"50\" alt=\"Br\u00e1nick\u00e9 ledy- 2.2.2019\" \/><\/a><\/div> <h3 class=\"page-list-ext-title\"><a href=\"https:\/\/www.otuzilci-brno.cz\/?page_id=3519\" title=\"Br\u00e1nick\u00e9 ledy- 2.2.2019\">Br\u00e1nick\u00e9 ledy- 2.2.2019<\/a><\/h3><div class=\"page-list-ext-item-content\">Z\u00e1vod zimn\u00edho plav\u00e1n\u00ed.\n\u00a9Foto:\u00a0Dalimil Marek \n<\/div><\/div>\n<div class=\"page-list-ext-item\"><div class=\"page-list-ext-image\"><a href=\"https:\/\/www.otuzilci-brno.cz\/?page_id=3472\" title=\"48.Ro\u010dn\u00edk nap\u0159\u00ed\u010d Chocn\u00ed - 8.12.2018\"><img decoding=\"async\" src=\"https:\/\/www.otuzilci-brno.cz\/wp-content\/uploads\/31319218517_55e747385f_m-150x99.jpg\" width=\"50\" alt=\"48.Ro\u010dn\u00edk nap\u0159\u00ed\u010d Chocn\u00ed - 8.12.2018\" \/><\/a><\/div> <h3 class=\"page-list-ext-title\"><a href=\"https:\/\/www.otuzilci-brno.cz\/?page_id=3472\" title=\"48.Ro\u010dn\u00edk nap\u0159\u00ed\u010d Chocn\u00ed - 8.12.2018\">48.Ro\u010dn\u00edk nap\u0159\u00ed\u010d Chocn\u00ed - 8.12.2018<\/a><\/h3><div class=\"page-list-ext-item-content\">Z\u00e1vod zimn\u00edho plav\u00e1n\u00ed.\r\n\u00a9Foto:\u00a0Dalimil Marek \r\n<\/div><\/div>\n<div class=\"page-list-ext-item\"><div class=\"page-list-ext-image\"><a href=\"https:\/\/www.otuzilci-brno.cz\/?page_id=3467\" title=\"Hradec Kr\u00e1lov\u00e9 - 47. ro\u010dn\u00edk - 1.12.2018\"><img decoding=\"async\" src=\"https:\/\/www.otuzilci-brno.cz\/wp-content\/uploads\/46111005642_9d49bc57e3_m-150x99.jpg\" width=\"50\" alt=\"Hradec Kr\u00e1lov\u00e9 - 47. ro\u010dn\u00edk - 1.12.2018\" \/><\/a><\/div> <h3 class=\"page-list-ext-title\"><a href=\"https:\/\/www.otuzilci-brno.cz\/?page_id=3467\" title=\"Hradec Kr\u00e1lov\u00e9 - 47. ro\u010dn\u00edk - 1.12.2018\">Hradec Kr\u00e1lov\u00e9 - 47. ro\u010dn\u00edk - 1.12.2018<\/a><\/h3><div class=\"page-list-ext-item-content\">Z\u00e1vod zimn\u00edho plav\u00e1n\u00ed.\r\n\u00a9Foto:\u00a0Dalimil Marek \r\n<\/div><\/div>\n<div class=\"page-list-ext-item\"><div class=\"page-list-ext-image\"><a href=\"https:\/\/www.otuzilci-brno.cz\/?page_id=3463\" title=\"Plumlov - O LEDOV\u00d3 \u010cAPO BOBA P\u00c1CLA - 17.11.2018\"><img decoding=\"async\" src=\"https:\/\/www.otuzilci-brno.cz\/wp-content\/uploads\/45073945105_0a4b71a0eb_m-150x99.jpg\" width=\"50\" alt=\"Plumlov - O LEDOV\u00d3 \u010cAPO BOBA P\u00c1CLA - 17.11.2018\" \/><\/a><\/div> <h3 class=\"page-list-ext-title\"><a href=\"https:\/\/www.otuzilci-brno.cz\/?page_id=3463\" title=\"Plumlov - O LEDOV\u00d3 \u010cAPO BOBA P\u00c1CLA - 17.11.2018\">Plumlov - O LEDOV\u00d3 \u010cAPO BOBA P\u00c1CLA - 17.11.2018<\/a><\/h3><div class=\"page-list-ext-item-content\">Z\u00e1vod zimn\u00edho plav\u00e1n\u00ed.\r\n\u00a9Foto:\u00a0Dalimil Marek \r\n<\/div><\/div>\n<div class=\"page-list-ext-item\"><div class=\"page-list-ext-image\"><a href=\"https:\/\/www.otuzilci-brno.cz\/?page_id=3449\" title=\"20. ro\u010dn\u00edk Memori\u00e1lu F. Venclovsk\u00e9ho P\u0159erov Laguna, sobota 10.11.2018\"><img decoding=\"async\" src=\"https:\/\/www.otuzilci-brno.cz\/wp-content\/uploads\/43998198500_b76f9f9ca7_m-150x99.jpg\" width=\"50\" alt=\"20. ro\u010dn\u00edk Memori\u00e1lu F. Venclovsk\u00e9ho P\u0159erov Laguna, sobota 10.11.2018\" \/><\/a><\/div> <h3 class=\"page-list-ext-title\"><a href=\"https:\/\/www.otuzilci-brno.cz\/?page_id=3449\" title=\"20. ro\u010dn\u00edk Memori\u00e1lu F. Venclovsk\u00e9ho P\u0159erov Laguna, sobota 10.11.2018\">20. ro\u010dn\u00edk Memori\u00e1lu F. Venclovsk\u00e9ho P\u0159erov Laguna, sobota 10.11.2018<\/a><\/h3><div class=\"page-list-ext-item-content\">Z\u00e1vod zimn\u00edho plav\u00e1n\u00ed.\r\n\u00a9Foto:\u00a0Dalimil Marek \r\n<\/div><\/div>\n<div class=\"page-list-ext-item\"><div class=\"page-list-ext-image\"><a href=\"https:\/\/www.otuzilci-brno.cz\/?page_id=3443\" title=\"3. ro\u010dn\u00edk sout\u011b\u017ee v zimn\u00edm plav\u00e1n\u00ed v Blansku na p\u0159ehrad\u011b Palava, sobota 3.11.2018\"><img decoding=\"async\" src=\"https:\/\/www.otuzilci-brno.cz\/wp-content\/uploads\/163962269_1143x762_16-150x100.jpg\" width=\"50\" alt=\"3. ro\u010dn\u00edk sout\u011b\u017ee v zimn\u00edm plav\u00e1n\u00ed v Blansku na p\u0159ehrad\u011b Palava, sobota 3.11.2018\" \/><\/a><\/div> <h3 class=\"page-list-ext-title\"><a href=\"https:\/\/www.otuzilci-brno.cz\/?page_id=3443\" title=\"3. ro\u010dn\u00edk sout\u011b\u017ee v zimn\u00edm plav\u00e1n\u00ed v Blansku na p\u0159ehrad\u011b Palava, sobota 3.11.2018\">3. ro\u010dn\u00edk sout\u011b\u017ee v zimn\u00edm plav\u00e1n\u00ed v Blansku na p\u0159ehrad\u011b Palava, sobota 3.11.2018<\/a><\/h3><div class=\"page-list-ext-item-content\">\nZ\u00e1vod zimn\u00edho plav\u00e1n\u00ed. \n\u00a9Foto:\u00a0V\u00e1clav Hanzl \nhttps:\/\/www.facebook.com\/hanzl.vaclav\/media_set?set=a.2248327131846459&amp;type=3  \n\u00a9Foto:\u00a0Kate\u0159ina V\u00e1\u0148ov\u00e1 &raquo;&raquo; \n\u00a9Foto:\u00a0Dalimil Marek \n \n  \n\u00a9Foto:\u00a0Kate\u0159ina V\u00e1\u0148ov\u00e1 \n \n<\/div><\/div>\n<div class=\"page-list-ext-item\"><div class=\"page-list-ext-image\"><a href=\"https:\/\/www.otuzilci-brno.cz\/?page_id=3456\" title=\"Horn\u00ed Cerekev - 1. ro\u010dn\u00edk sout\u011b\u017ee v zimn\u00edm plav\u00e1n\u00ed 27.10.2018\"><img decoding=\"async\" src=\"https:\/\/www.otuzilci-brno.cz\/wp-content\/uploads\/43779592050_aef477022e_m-150x99.jpg\" width=\"50\" alt=\"Horn\u00ed Cerekev - 1. ro\u010dn\u00edk sout\u011b\u017ee v zimn\u00edm plav\u00e1n\u00ed 27.10.2018\" \/><\/a><\/div> <h3 class=\"page-list-ext-title\"><a href=\"https:\/\/www.otuzilci-brno.cz\/?page_id=3456\" title=\"Horn\u00ed Cerekev - 1. ro\u010dn\u00edk sout\u011b\u017ee v zimn\u00edm plav\u00e1n\u00ed 27.10.2018\">Horn\u00ed Cerekev - 1. ro\u010dn\u00edk sout\u011b\u017ee v zimn\u00edm plav\u00e1n\u00ed 27.10.2018<\/a><\/h3><div class=\"page-list-ext-item-content\">Z\u00e1vod zimn\u00edho plav\u00e1n\u00ed.\r\n\u00a9Foto:\u00a0Dalimil Marek \r\n\r\n\r\n&nbsp;<\/div><\/div>\n<div class=\"page-list-ext-item\"><div class=\"page-list-ext-image\"><a href=\"https:\/\/www.otuzilci-brno.cz\/?page_id=3244\" title=\"20.10.2018 - 9. ro\u010dn\u00edk Mistrovstv\u00ed Ji\u010d\u00edna v zimn\u00edm plav\u00e1n\u00ed\"><img decoding=\"async\" src=\"https:\/\/www.otuzilci-brno.cz\/wp-content\/uploads\/45413156662_66221608d6_m-150x99.jpg\" width=\"50\" alt=\"20.10.2018 - 9. ro\u010dn\u00edk Mistrovstv\u00ed Ji\u010d\u00edna v zimn\u00edm plav\u00e1n\u00ed\" \/><\/a><\/div> <h3 class=\"page-list-ext-title\"><a href=\"https:\/\/www.otuzilci-brno.cz\/?page_id=3244\" title=\"20.10.2018 - 9. ro\u010dn\u00edk Mistrovstv\u00ed Ji\u010d\u00edna v zimn\u00edm plav\u00e1n\u00ed\">20.10.2018 - 9. ro\u010dn\u00edk Mistrovstv\u00ed Ji\u010d\u00edna v zimn\u00edm plav\u00e1n\u00ed<\/a><\/h3><div class=\"page-list-ext-item-content\">Z\u00e1vod zimn\u00edho plav\u00e1n\u00ed.\r\n<\/div><\/div>\n<div class=\"page-list-ext-item\"><div class=\"page-list-ext-image\"><a href=\"https:\/\/www.otuzilci-brno.cz\/?page_id=3251\" title=\"13.10.2018 - 14. ro\u010dn\u00edk zimn\u00edho plav\u00e1n\u00ed ve Slavkov\u011b\"><img decoding=\"async\" src=\"https:\/\/www.otuzilci-brno.cz\/wp-content\/uploads\/30371185347_26ee4acb24_m-150x99.jpg\" width=\"50\" alt=\"13.10.2018 - 14. ro\u010dn\u00edk zimn\u00edho plav\u00e1n\u00ed ve Slavkov\u011b\" \/><\/a><\/div> <h3 class=\"page-list-ext-title\"><a href=\"https:\/\/www.otuzilci-brno.cz\/?page_id=3251\" title=\"13.10.2018 - 14. ro\u010dn\u00edk zimn\u00edho plav\u00e1n\u00ed ve Slavkov\u011b\">13.10.2018 - 14. ro\u010dn\u00edk zimn\u00edho plav\u00e1n\u00ed ve Slavkov\u011b<\/a><\/h3><div class=\"page-list-ext-item-content\">Z\u00e1vod zimn\u00edho plav\u00e1n\u00ed.\r\n<\/div><\/div>\n<div class=\"page-list-ext-item\"><div class=\"page-list-ext-image\"><a href=\"https:\/\/www.otuzilci-brno.cz\/?page_id=3261\" title=\"7.10.2018 - Zah\u00e1jen\u00ed zimn\u00ed sez\u00f3ny v Punkv\u011b\"><img decoding=\"async\" src=\"https:\/\/www.otuzilci-brno.cz\/wp-content\/uploads\/44588210994_eb16d722cf_m-150x99.jpg\" width=\"50\" alt=\"7.10.2018 - Zah\u00e1jen\u00ed zimn\u00ed sez\u00f3ny v Punkv\u011b\" \/><\/a><\/div> <h3 class=\"page-list-ext-title\"><a href=\"https:\/\/www.otuzilci-brno.cz\/?page_id=3261\" title=\"7.10.2018 - Zah\u00e1jen\u00ed zimn\u00ed sez\u00f3ny v Punkv\u011b\">7.10.2018 - Zah\u00e1jen\u00ed zimn\u00ed sez\u00f3ny v Punkv\u011b<\/a><\/h3><div class=\"page-list-ext-item-content\">Z\u00e1vod zimn\u00edho plav\u00e1n\u00ed.\r\n<\/div><\/div>\n<div class=\"page-list-ext-item\"><div class=\"page-list-ext-image\"><a href=\"https:\/\/www.otuzilci-brno.cz\/?page_id=3173\" title=\"17.3.2018 - O Poh\u00e1r Slune\u010dn\u00edch jezer Senec\"><img decoding=\"async\" src=\"https:\/\/www.otuzilci-brno.cz\/wp-content\/uploads\/26002614137_9088c4852f_m-150x99.jpg\" width=\"50\" alt=\"17.3.2018 - O Poh\u00e1r Slune\u010dn\u00edch jezer Senec\" \/><\/a><\/div> <h3 class=\"page-list-ext-title\"><a href=\"https:\/\/www.otuzilci-brno.cz\/?page_id=3173\" title=\"17.3.2018 - O Poh\u00e1r Slune\u010dn\u00edch jezer Senec\">17.3.2018 - O Poh\u00e1r Slune\u010dn\u00edch jezer Senec<\/a><\/h3><div class=\"page-list-ext-item-content\">Z\u00e1vod zimn\u00edho plav\u00e1n\u00ed.\r\n<\/div><\/div>\n<div class=\"page-list-ext-item\"><div class=\"page-list-ext-image\"><a href=\"https:\/\/www.otuzilci-brno.cz\/?page_id=3188\" title=\"b\u0159ezen 2018 - Mistrovstv\u00ed sv\u011bta, Tallinn (Estonsko)\"><img decoding=\"async\" src=\"https:\/\/www.otuzilci-brno.cz\/wp-content\/uploads\/26081970207_f5e5785b0a_m-150x99.jpg\" width=\"50\" alt=\"b\u0159ezen 2018 - Mistrovstv\u00ed sv\u011bta, Tallinn (Estonsko)\" \/><\/a><\/div> <h3 class=\"page-list-ext-title\"><a href=\"https:\/\/www.otuzilci-brno.cz\/?page_id=3188\" title=\"b\u0159ezen 2018 - Mistrovstv\u00ed sv\u011bta, Tallinn (Estonsko)\">b\u0159ezen 2018 - Mistrovstv\u00ed sv\u011bta, Tallinn (Estonsko)<\/a><\/h3><div class=\"page-list-ext-item-content\">Mistrovstv\u00ed sv\u011bta v zimn\u00edm plav\u00e1n\u00ed\r\n<\/div><\/div>\n<div class=\"page-list-ext-item\"><div class=\"page-list-ext-image\"><a href=\"https:\/\/www.otuzilci-brno.cz\/?page_id=3163\" title=\"10.3.2018 - Plze\u0148 - 39. Ro\u010d\u00edk Slunovratu zimn\u00edch plavc\u016f\"><img decoding=\"async\" src=\"https:\/\/www.otuzilci-brno.cz\/wp-content\/uploads\/39856982975_25dbe35330_m-150x99.jpg\" width=\"50\" alt=\"10.3.2018 - Plze\u0148 - 39. Ro\u010d\u00edk Slunovratu zimn\u00edch plavc\u016f\" \/><\/a><\/div> <h3 class=\"page-list-ext-title\"><a href=\"https:\/\/www.otuzilci-brno.cz\/?page_id=3163\" title=\"10.3.2018 - Plze\u0148 - 39. Ro\u010d\u00edk Slunovratu zimn\u00edch plavc\u016f\">10.3.2018 - Plze\u0148 - 39. Ro\u010d\u00edk Slunovratu zimn\u00edch plavc\u016f<\/a><\/h3><div class=\"page-list-ext-item-content\">Z\u00e1vod zimn\u00edho plav\u00e1n\u00ed.\r\n<\/div><\/div>\n<div class=\"page-list-ext-item\"><div class=\"page-list-ext-image\"><a href=\"https:\/\/www.otuzilci-brno.cz\/?page_id=3158\" title=\"4.3.2018 - VII. Ro\u010dn\u00edk otu\u017eilck\u00e9ho plav\u00e1n\u00ed v \u0160o\u0161\u016fvce\"><img decoding=\"async\" src=\"https:\/\/www.otuzilci-brno.cz\/wp-content\/uploads\/25748915687_cef56b9629_m-150x99.jpg\" width=\"50\" alt=\"4.3.2018 - VII. Ro\u010dn\u00edk otu\u017eilck\u00e9ho plav\u00e1n\u00ed v \u0160o\u0161\u016fvce\" \/><\/a><\/div> <h3 class=\"page-list-ext-title\"><a href=\"https:\/\/www.otuzilci-brno.cz\/?page_id=3158\" title=\"4.3.2018 - VII. Ro\u010dn\u00edk otu\u017eilck\u00e9ho plav\u00e1n\u00ed v \u0160o\u0161\u016fvce\">4.3.2018 - VII. Ro\u010dn\u00edk otu\u017eilck\u00e9ho plav\u00e1n\u00ed v \u0160o\u0161\u016fvce<\/a><\/h3><div class=\"page-list-ext-item-content\">Otu\u017eileck\u00e9 koup\u00e1n\u00ed.\r\n<\/div><\/div>\n<div class=\"page-list-ext-item\"><div class=\"page-list-ext-image\"><a href=\"https:\/\/www.otuzilci-brno.cz\/?page_id=3151\" title=\"3.3.2018 - Prsa\u0159sk\u00e9 M\u010cR v Praze - Podol\u00ed\"><img decoding=\"async\" src=\"https:\/\/www.otuzilci-brno.cz\/wp-content\/uploads\/26726444458_962db42be3_m-150x99.jpg\" width=\"50\" alt=\"3.3.2018 - Prsa\u0159sk\u00e9 M\u010cR v Praze - Podol\u00ed\" \/><\/a><\/div> <h3 class=\"page-list-ext-title\"><a href=\"https:\/\/www.otuzilci-brno.cz\/?page_id=3151\" title=\"3.3.2018 - Prsa\u0159sk\u00e9 M\u010cR v Praze - Podol\u00ed\">3.3.2018 - Prsa\u0159sk\u00e9 M\u010cR v Praze - Podol\u00ed<\/a><\/h3><div class=\"page-list-ext-item-content\">Mistrovstv\u00ed \u010cR v zimn\u00edm plav\u00e1n\u00ed.\r\n<\/div><\/div>\n<div class=\"page-list-ext-item\"><div class=\"page-list-ext-image\"><a href=\"https:\/\/www.otuzilci-brno.cz\/?page_id=3146\" title=\"24.2.2018 - 32. ro\u010dn\u00edk sout\u011b\u017ee zimn\u00edch plavc\u016f na \u0159ece Morav\u011b\"><img decoding=\"async\" src=\"https:\/\/www.otuzilci-brno.cz\/wp-content\/uploads\/25600985997_c518c87195_m-150x99.jpg\" width=\"50\" alt=\"24.2.2018 - 32. ro\u010dn\u00edk sout\u011b\u017ee zimn\u00edch plavc\u016f na \u0159ece Morav\u011b\" \/><\/a><\/div> <h3 class=\"page-list-ext-title\"><a href=\"https:\/\/www.otuzilci-brno.cz\/?page_id=3146\" title=\"24.2.2018 - 32. ro\u010dn\u00edk sout\u011b\u017ee zimn\u00edch plavc\u016f na \u0159ece Morav\u011b\">24.2.2018 - 32. ro\u010dn\u00edk sout\u011b\u017ee zimn\u00edch plavc\u016f na \u0159ece Morav\u011b<\/a><\/h3><div class=\"page-list-ext-item-content\">Z\u00e1vod zimn\u00edho plav\u00e1n\u00ed.\r\n<\/div><\/div>\n<div class=\"page-list-ext-item\"><div class=\"page-list-ext-image\"><a href=\"https:\/\/www.otuzilci-brno.cz\/?page_id=3130\" title=\"17.2.2018 - 3.ro\u010dn\u00edk Memori\u00e1lu V.Tup\u00e9ho v S\u00e1zav\u011b\"><img decoding=\"async\" src=\"https:\/\/www.otuzilci-brno.cz\/wp-content\/uploads\/40308687152_5a8c8ac4df_m-150x99.jpg\" width=\"50\" alt=\"17.2.2018 - 3.ro\u010dn\u00edk Memori\u00e1lu V.Tup\u00e9ho v S\u00e1zav\u011b\" \/><\/a><\/div> <h3 class=\"page-list-ext-title\"><a href=\"https:\/\/www.otuzilci-brno.cz\/?page_id=3130\" title=\"17.2.2018 - 3.ro\u010dn\u00edk Memori\u00e1lu V.Tup\u00e9ho v S\u00e1zav\u011b\">17.2.2018 - 3.ro\u010dn\u00edk Memori\u00e1lu V.Tup\u00e9ho v S\u00e1zav\u011b<\/a><\/h3><div class=\"page-list-ext-item-content\">Z\u00e1vod zimn\u00edho plav\u00e1n\u00ed.\r\n<\/div><\/div>\n<div class=\"page-list-ext-item\"><div class=\"page-list-ext-image\"><a href=\"https:\/\/www.otuzilci-brno.cz\/?page_id=3141\" title=\"11.2.2018 - 4.ro\u010dn\u00edk Kryathlon Brno\"><img decoding=\"async\" src=\"https:\/\/www.otuzilci-brno.cz\/wp-content\/uploads\/28429958679_dd4dafdab1_m-150x99.jpg\" width=\"50\" alt=\"11.2.2018 - 4.ro\u010dn\u00edk Kryathlon Brno\" \/><\/a><\/div> <h3 class=\"page-list-ext-title\"><a href=\"https:\/\/www.otuzilci-brno.cz\/?page_id=3141\" title=\"11.2.2018 - 4.ro\u010dn\u00edk Kryathlon Brno\">11.2.2018 - 4.ro\u010dn\u00edk Kryathlon Brno<\/a><\/h3><div class=\"page-list-ext-item-content\">Z\u00e1vod v Kryathlonu.\r\n<\/div><\/div>\n<div class=\"page-list-ext-item\"><div class=\"page-list-ext-image\"><a href=\"https:\/\/www.otuzilci-brno.cz\/?page_id=3136\" title=\"10.2.2018 - 24. M\u010cR voln\u00fd zp\u016fsob\"><img decoding=\"async\" src=\"https:\/\/www.otuzilci-brno.cz\/wp-content\/uploads\/26316953628_619fec2e1a_m-150x99.jpg\" width=\"50\" alt=\"10.2.2018 - 24. M\u010cR voln\u00fd zp\u016fsob\" \/><\/a><\/div> <h3 class=\"page-list-ext-title\"><a href=\"https:\/\/www.otuzilci-brno.cz\/?page_id=3136\" title=\"10.2.2018 - 24. M\u010cR voln\u00fd zp\u016fsob\">10.2.2018 - 24. M\u010cR voln\u00fd zp\u016fsob<\/a><\/h3><div class=\"page-list-ext-item-content\">Mistrovstv\u00ed \u010cR v zimn\u00edho plav\u00e1n\u00ed.\r\n<\/div><\/div>\n<div class=\"page-list-ext-item\"><div class=\"page-list-ext-image\"><a href=\"https:\/\/www.otuzilci-brno.cz\/?page_id=3116\" title=\"3.2.2018 - 16.Ro\u010dn\u00edk Br\u00e1nick\u00fdch led\u016f Praha\"><img decoding=\"async\" src=\"https:\/\/www.otuzilci-brno.cz\/wp-content\/uploads\/40073444421_d2588250f7_m-150x99.jpg\" width=\"50\" alt=\"3.2.2018 - 16.Ro\u010dn\u00edk Br\u00e1nick\u00fdch led\u016f Praha\" \/><\/a><\/div> <h3 class=\"page-list-ext-title\"><a href=\"https:\/\/www.otuzilci-brno.cz\/?page_id=3116\" title=\"3.2.2018 - 16.Ro\u010dn\u00edk Br\u00e1nick\u00fdch led\u016f Praha\">3.2.2018 - 16.Ro\u010dn\u00edk Br\u00e1nick\u00fdch led\u016f Praha<\/a><\/h3><div class=\"page-list-ext-item-content\">Z\u00e1vod zimn\u00edho plav\u00e1n\u00ed.\r\n<\/div><\/div>\n<div class=\"page-list-ext-item\"><div class=\"page-list-ext-image\"><a href=\"https:\/\/www.otuzilci-brno.cz\/?page_id=3106\" title=\"13.1.2017 - Katowice\"><img decoding=\"async\" src=\"https:\/\/www.otuzilci-brno.cz\/wp-content\/uploads\/38804145055_9e52bf345e_m-150x99.jpg\" width=\"50\" alt=\"13.1.2017 - Katowice\" \/><\/a><\/div> <h3 class=\"page-list-ext-title\"><a href=\"https:\/\/www.otuzilci-brno.cz\/?page_id=3106\" title=\"13.1.2017 - Katowice\">13.1.2017 - Katowice<\/a><\/h3><div class=\"page-list-ext-item-content\">Z\u00e1vod v zimn\u00edm plav\u00e1n\u00ed\r\n<\/div><\/div>\n<div class=\"page-list-ext-item\"><div class=\"page-list-ext-image\"><a href=\"https:\/\/www.otuzilci-brno.cz\/?page_id=3088\" title=\"24.12.2017 - \u0160t\u011bdrove\u010dern\u00ed koup\u00e1n\u00ed v Blansku\"><img decoding=\"async\" src=\"https:\/\/www.otuzilci-brno.cz\/wp-content\/uploads\/25412204368_468e35ecd0_m-150x99.jpg\" width=\"50\" alt=\"24.12.2017 - \u0160t\u011bdrove\u010dern\u00ed koup\u00e1n\u00ed v Blansku\" \/><\/a><\/div> <h3 class=\"page-list-ext-title\"><a href=\"https:\/\/www.otuzilci-brno.cz\/?page_id=3088\" title=\"24.12.2017 - \u0160t\u011bdrove\u010dern\u00ed koup\u00e1n\u00ed v Blansku\">24.12.2017 - \u0160t\u011bdrove\u010dern\u00ed koup\u00e1n\u00ed v Blansku<\/a><\/h3><div class=\"page-list-ext-item-content\">\u0160t\u011bdrove\u010dern\u00ed koup\u00e1n\u00ed v Blansku\r\n<\/div><\/div>\n<div class=\"page-list-ext-item\"><div class=\"page-list-ext-image\"><a href=\"https:\/\/www.otuzilci-brno.cz\/?page_id=3092\" title=\"24.12.2017 - \u0160t\u011bdrove\u010dern\u00ed koup\u00e1n\u00ed v Jihlavce\"><img decoding=\"async\" src=\"https:\/\/www.otuzilci-brno.cz\/wp-content\/uploads\/38571849324_63c5ee232e_m-150x99.jpg\" width=\"50\" alt=\"24.12.2017 - \u0160t\u011bdrove\u010dern\u00ed koup\u00e1n\u00ed v Jihlavce\" \/><\/a><\/div> <h3 class=\"page-list-ext-title\"><a href=\"https:\/\/www.otuzilci-brno.cz\/?page_id=3092\" title=\"24.12.2017 - \u0160t\u011bdrove\u010dern\u00ed koup\u00e1n\u00ed v Jihlavce\">24.12.2017 - \u0160t\u011bdrove\u010dern\u00ed koup\u00e1n\u00ed v Jihlavce<\/a><\/h3><div class=\"page-list-ext-item-content\">\u0160t\u011bdrove\u010dern\u00ed koup\u00e1n\u00ed v Jihlavce\r\n<\/div><\/div>\n<div class=\"page-list-ext-item\"><div class=\"page-list-ext-image\"><a href=\"https:\/\/www.otuzilci-brno.cz\/?page_id=3043\" title=\"9.12.2017 - Nap\u0159\u00ed\u010d Chocn\u00ed\"><img decoding=\"async\" src=\"https:\/\/www.otuzilci-brno.cz\/wp-content\/uploads\/38226212864_3d18b4a84a_m-150x99.jpg\" width=\"50\" alt=\"9.12.2017 - Nap\u0159\u00ed\u010d Chocn\u00ed\" \/><\/a><\/div> <h3 class=\"page-list-ext-title\"><a href=\"https:\/\/www.otuzilci-brno.cz\/?page_id=3043\" title=\"9.12.2017 - Nap\u0159\u00ed\u010d Chocn\u00ed\">9.12.2017 - Nap\u0159\u00ed\u010d Chocn\u00ed<\/a><\/h3><div class=\"page-list-ext-item-content\">Z\u00e1vod zimn\u00edho plav\u00e1n\u00ed.\r\n<\/div><\/div>\n<div class=\"page-list-ext-item\"><div class=\"page-list-ext-image\"><a href=\"https:\/\/www.otuzilci-brno.cz\/?page_id=3020\" title=\"2.12.2017 46.Ro\u010dn\u00edk plav\u00e1n\u00ed otu\u017eilc\u016f v Labi\"><img decoding=\"async\" src=\"https:\/\/www.otuzilci-brno.cz\/wp-content\/uploads\/37904591785_b0f5406ca2_m-150x99.jpg\" width=\"50\" alt=\"2.12.2017 46.Ro\u010dn\u00edk plav\u00e1n\u00ed otu\u017eilc\u016f v Labi\" \/><\/a><\/div> <h3 class=\"page-list-ext-title\"><a href=\"https:\/\/www.otuzilci-brno.cz\/?page_id=3020\" title=\"2.12.2017 46.Ro\u010dn\u00edk plav\u00e1n\u00ed otu\u017eilc\u016f v Labi\">2.12.2017 46.Ro\u010dn\u00edk plav\u00e1n\u00ed otu\u017eilc\u016f v Labi<\/a><\/h3><div class=\"page-list-ext-item-content\">Z\u00e1vod zimn\u00edho plav\u00e1n\u00ed.\r\n<\/div><\/div>\n<div class=\"page-list-ext-item\"><div class=\"page-list-ext-image\"><a href=\"https:\/\/www.otuzilci-brno.cz\/?page_id=3013\" title=\"25.11. 2017 Slavkov u Brna - Ledov\u00e1 m\u00edle\"><img decoding=\"async\" src=\"https:\/\/www.otuzilci-brno.cz\/wp-content\/uploads\/26924674419_c42d7cd2eb_m-150x99.jpg\" width=\"50\" alt=\"25.11. 2017 Slavkov u Brna - Ledov\u00e1 m\u00edle\" \/><\/a><\/div> <h3 class=\"page-list-ext-title\"><a href=\"https:\/\/www.otuzilci-brno.cz\/?page_id=3013\" title=\"25.11. 2017 Slavkov u Brna - Ledov\u00e1 m\u00edle\">25.11. 2017 Slavkov u Brna - Ledov\u00e1 m\u00edle<\/a><\/h3><div class=\"page-list-ext-item-content\">Dal\u0161\u00ed p\u0159ekon\u00e1n\u00ed Ledov\u00e9 m\u00edle\r\n<\/div><\/div>\n<div class=\"page-list-ext-item\"><div class=\"page-list-ext-image\"><a href=\"https:\/\/www.otuzilci-brno.cz\/?page_id=3001\" title=\"18.11. 2017 O LEDOV\u00d3 \u010cAPO BOBA P\u00c1CLA\"><img decoding=\"async\" src=\"https:\/\/www.otuzilci-brno.cz\/wp-content\/uploads\/26726667309_905023d88d_m-150x99.jpg\" width=\"50\" alt=\"18.11. 2017 O LEDOV\u00d3 \u010cAPO BOBA P\u00c1CLA\" \/><\/a><\/div> <h3 class=\"page-list-ext-title\"><a href=\"https:\/\/www.otuzilci-brno.cz\/?page_id=3001\" title=\"18.11. 2017 O LEDOV\u00d3 \u010cAPO BOBA P\u00c1CLA\">18.11. 2017 O LEDOV\u00d3 \u010cAPO BOBA P\u00c1CLA<\/a><\/h3><div class=\"page-list-ext-item-content\">Z\u00e1vod v zimn\u00edm plav\u00e1n\u00ed\r\n<\/div><\/div>\n<div class=\"page-list-ext-item\"><div class=\"page-list-ext-image\"><a href=\"https:\/\/www.otuzilci-brno.cz\/?page_id=2989\" title=\"11.11. 2017 -  II. Ro\u010dn\u00edk Svatomartinsk\u00e9ho plav\u00e1n\u00ed v Blansku (p\u0159ehrada Palava)\"><img decoding=\"async\" src=\"https:\/\/www.otuzilci-brno.cz\/wp-content\/uploads\/26584228669_6fa127d251_m-150x99.jpg\" width=\"50\" alt=\"11.11. 2017 -  II. Ro\u010dn\u00edk Svatomartinsk\u00e9ho plav\u00e1n\u00ed v Blansku (p\u0159ehrada Palava)\" \/><\/a><\/div> <h3 class=\"page-list-ext-title\"><a href=\"https:\/\/www.otuzilci-brno.cz\/?page_id=2989\" title=\"11.11. 2017 -  II. Ro\u010dn\u00edk Svatomartinsk\u00e9ho plav\u00e1n\u00ed v Blansku (p\u0159ehrada Palava)\">11.11. 2017 -  II. Ro\u010dn\u00edk Svatomartinsk\u00e9ho plav\u00e1n\u00ed v Blansku (p\u0159ehrada Palava)<\/a><\/h3><div class=\"page-list-ext-item-content\">Z\u00e1vod v zimn\u00edm plav\u00e1n\u00ed\r\n<\/div><\/div>\n<div class=\"page-list-ext-item\"><div class=\"page-list-ext-image\"><a href=\"https:\/\/www.otuzilci-brno.cz\/?page_id=2976\" title=\"4.11.2017 Vyhl\u00e1\u0161en\u00ed \u010desk\u00e9ho poh\u00e1ru d\u00e1lkov\u00e9ho plav\u00e1n\u00ed\"><img decoding=\"async\" src=\"https:\/\/www.otuzilci-brno.cz\/wp-content\/uploads\/38151611126_0cd8ce9d1a_m1-150x99.jpg\" width=\"50\" alt=\"4.11.2017 Vyhl\u00e1\u0161en\u00ed \u010desk\u00e9ho poh\u00e1ru d\u00e1lkov\u00e9ho plav\u00e1n\u00ed\" \/><\/a><\/div> <h3 class=\"page-list-ext-title\"><a href=\"https:\/\/www.otuzilci-brno.cz\/?page_id=2976\" title=\"4.11.2017 Vyhl\u00e1\u0161en\u00ed \u010desk\u00e9ho poh\u00e1ru d\u00e1lkov\u00e9ho plav\u00e1n\u00ed\">4.11.2017 Vyhl\u00e1\u0161en\u00ed \u010desk\u00e9ho poh\u00e1ru d\u00e1lkov\u00e9ho plav\u00e1n\u00ed<\/a><\/h3><div class=\"page-list-ext-item-content\"><\/div><\/div>\n<div class=\"page-list-ext-item\"><div class=\"page-list-ext-image\"><a href=\"https:\/\/www.otuzilci-brno.cz\/?page_id=2970\" title=\"4.11.2017 P\u0159erov - 19. Memori\u00e1l Franti\u0161ka Venclovsk\u00e9ho\"><img decoding=\"async\" src=\"https:\/\/www.otuzilci-brno.cz\/wp-content\/uploads\/37459451784_43d1613643_m-150x99.jpg\" width=\"50\" alt=\"4.11.2017 P\u0159erov - 19. Memori\u00e1l Franti\u0161ka Venclovsk\u00e9ho\" \/><\/a><\/div> <h3 class=\"page-list-ext-title\"><a href=\"https:\/\/www.otuzilci-brno.cz\/?page_id=2970\" title=\"4.11.2017 P\u0159erov - 19. Memori\u00e1l Franti\u0161ka Venclovsk\u00e9ho\">4.11.2017 P\u0159erov - 19. Memori\u00e1l Franti\u0161ka Venclovsk\u00e9ho<\/a><\/h3><div class=\"page-list-ext-item-content\">Z\u00e1vod v zimn\u00edm plav\u00e1n\u00ed\r\n<\/div><\/div>\n<div class=\"page-list-ext-item\"><div class=\"page-list-ext-image\"><a href=\"https:\/\/www.otuzilci-brno.cz\/?page_id=2956\" title=\"21.10.2017 8.ro\u010dn\u00edk otev\u0159en\u00e9ho Mistrovstv\u00ed Ji\u010d\u00edna v zimn\u00edm plav\u00e1n\u00ed\"><img decoding=\"async\" src=\"https:\/\/www.otuzilci-brno.cz\/wp-content\/uploads\/37805430292_9bc7095d2d_m-150x99.jpg\" width=\"50\" alt=\"21.10.2017 8.ro\u010dn\u00edk otev\u0159en\u00e9ho Mistrovstv\u00ed Ji\u010d\u00edna v zimn\u00edm plav\u00e1n\u00ed\" \/><\/a><\/div> <h3 class=\"page-list-ext-title\"><a href=\"https:\/\/www.otuzilci-brno.cz\/?page_id=2956\" title=\"21.10.2017 8.ro\u010dn\u00edk otev\u0159en\u00e9ho Mistrovstv\u00ed Ji\u010d\u00edna v zimn\u00edm plav\u00e1n\u00ed\">21.10.2017 8.ro\u010dn\u00edk otev\u0159en\u00e9ho Mistrovstv\u00ed Ji\u010d\u00edna v zimn\u00edm plav\u00e1n\u00ed<\/a><\/h3><div class=\"page-list-ext-item-content\">Z\u00e1vod v zimn\u00edm plav\u00e1n\u00ed\r\n<\/div><\/div>\n<div class=\"page-list-ext-item\"><div class=\"page-list-ext-image\"><a href=\"https:\/\/www.otuzilci-brno.cz\/?page_id=2897\" title=\"13.8.2017 Veselsk\u00e1 hodinovka\"><img decoding=\"async\" src=\"https:\/\/www.otuzilci-brno.cz\/wp-content\/uploads\/35728923744_b76c14b63f_m-150x99.jpg\" width=\"50\" alt=\"13.8.2017 Veselsk\u00e1 hodinovka\" \/><\/a><\/div> <h3 class=\"page-list-ext-title\"><a href=\"https:\/\/www.otuzilci-brno.cz\/?page_id=2897\" title=\"13.8.2017 Veselsk\u00e1 hodinovka\">13.8.2017 Veselsk\u00e1 hodinovka<\/a><\/h3><div class=\"page-list-ext-item-content\">Z\u00e1vod d\u00e1lkov\u00e9ho plav\u00e1n\u00ed\r\n<\/div><\/div>\n<div class=\"page-list-ext-item\"><div class=\"page-list-ext-image\"><a href=\"https:\/\/www.otuzilci-brno.cz\/?page_id=2890\" title=\"5.-6.8. 2017 Doln\u00ed Vltavice\"><img decoding=\"async\" src=\"https:\/\/www.otuzilci-brno.cz\/wp-content\/uploads\/36364955901_745b8d8a33_m-150x99.jpg\" width=\"50\" alt=\"5.-6.8. 2017 Doln\u00ed Vltavice\" \/><\/a><\/div> <h3 class=\"page-list-ext-title\"><a href=\"https:\/\/www.otuzilci-brno.cz\/?page_id=2890\" title=\"5.-6.8. 2017 Doln\u00ed Vltavice\">5.-6.8. 2017 Doln\u00ed Vltavice<\/a><\/h3><div class=\"page-list-ext-item-content\">Z\u00e1vod d\u00e1lkov\u00e9ho plav\u00e1n\u00ed\r\n<\/div><\/div>\n<div class=\"page-list-ext-item\"><div class=\"page-list-ext-image\"><a href=\"https:\/\/www.otuzilci-brno.cz\/?page_id=2893\" title=\"29.7.2017 O Poh\u00e1r M\u011bsta Hav\u00ed\u0159ova\"><img decoding=\"async\" src=\"https:\/\/www.otuzilci-brno.cz\/wp-content\/uploads\/36100174502_40bddc859e_m-150x99.jpg\" width=\"50\" alt=\"29.7.2017 O Poh\u00e1r M\u011bsta Hav\u00ed\u0159ova\" \/><\/a><\/div> <h3 class=\"page-list-ext-title\"><a href=\"https:\/\/www.otuzilci-brno.cz\/?page_id=2893\" title=\"29.7.2017 O Poh\u00e1r M\u011bsta Hav\u00ed\u0159ova\">29.7.2017 O Poh\u00e1r M\u011bsta Hav\u00ed\u0159ova<\/a><\/h3><div class=\"page-list-ext-item-content\">Z\u00e1vod d\u00e1lkov\u00e9ho plav\u00e1n\u00ed\r\n<\/div><\/div>\n<div class=\"page-list-ext-item\"><div class=\"page-list-ext-image\"><a href=\"https:\/\/www.otuzilci-brno.cz\/?page_id=2867\" title=\"2.7. 2017 Brno Garoma+ Maraton\"><img decoding=\"async\" src=\"https:\/\/www.otuzilci-brno.cz\/wp-content\/uploads\/34835104854_0eeb17936c_m-150x99.jpg\" width=\"50\" alt=\"2.7. 2017 Brno Garoma+ Maraton\" \/><\/a><\/div> <h3 class=\"page-list-ext-title\"><a href=\"https:\/\/www.otuzilci-brno.cz\/?page_id=2867\" title=\"2.7. 2017 Brno Garoma+ Maraton\">2.7. 2017 Brno Garoma+ Maraton<\/a><\/h3><div class=\"page-list-ext-item-content\">Z\u00e1vod d\u00e1lkov\u00e9ho plav\u00e1n\u00ed\r\n<\/div><\/div>\n<div class=\"page-list-ext-item\"><div class=\"page-list-ext-image\"><a href=\"https:\/\/www.otuzilci-brno.cz\/?page_id=2857\" title=\"18.6.2017 - M\u010cR 10 Km Se\u010d\"><img decoding=\"async\" src=\"https:\/\/www.otuzilci-brno.cz\/wp-content\/uploads\/35259643142_3f7cd8e72d_m-150x99.jpg\" width=\"50\" alt=\"18.6.2017 - M\u010cR 10 Km Se\u010d\" \/><\/a><\/div> <h3 class=\"page-list-ext-title\"><a href=\"https:\/\/www.otuzilci-brno.cz\/?page_id=2857\" title=\"18.6.2017 - M\u010cR 10 Km Se\u010d\">18.6.2017 - M\u010cR 10 Km Se\u010d<\/a><\/h3><div class=\"page-list-ext-item-content\">Z\u00e1vod d\u00e1lkov\u00e9ho plav\u00e1n\u00ed\r\n<\/div><\/div>\n<div class=\"page-list-ext-item\"><div class=\"page-list-ext-image\"><a href=\"https:\/\/www.otuzilci-brno.cz\/?page_id=2850\" title=\"10.6.2017 Tova\u010dovsk\u00fd marat\u00f3n\"><img decoding=\"async\" src=\"https:\/\/www.otuzilci-brno.cz\/wp-content\/uploads\/35361706415_b30993900b_m-150x99.jpg\" width=\"50\" alt=\"10.6.2017 Tova\u010dovsk\u00fd marat\u00f3n\" \/><\/a><\/div> <h3 class=\"page-list-ext-title\"><a href=\"https:\/\/www.otuzilci-brno.cz\/?page_id=2850\" title=\"10.6.2017 Tova\u010dovsk\u00fd marat\u00f3n\">10.6.2017 Tova\u010dovsk\u00fd marat\u00f3n<\/a><\/h3><div class=\"page-list-ext-item-content\">Z\u00e1vod d\u00e1lkov\u00e9ho plav\u00e1n\u00ed\r\n<\/div><\/div>\n<div class=\"page-list-ext-item\"><div class=\"page-list-ext-image\"><a href=\"https:\/\/www.otuzilci-brno.cz\/?page_id=2835\" title=\"3.6.2017 - \u0160pinka\"><img decoding=\"async\" src=\"https:\/\/www.otuzilci-brno.cz\/wp-content\/uploads\/35043967956_b4e35049aa_n-150x100.jpg\" width=\"50\" alt=\"3.6.2017 - \u0160pinka\" \/><\/a><\/div> <h3 class=\"page-list-ext-title\"><a href=\"https:\/\/www.otuzilci-brno.cz\/?page_id=2835\" title=\"3.6.2017 - \u0160pinka\">3.6.2017 - \u0160pinka<\/a><\/h3><div class=\"page-list-ext-item-content\">Z\u00e1vod d\u00e1lkov\u00e9ho plav\u00e1n\u00ed\r\n<\/div><\/div>\n<div class=\"page-list-ext-item\"><div class=\"page-list-ext-image\"><a href=\"https:\/\/www.otuzilci-brno.cz\/?page_id=2800\" title=\"5.03.2017 VI. Ro\u010dn\u00edk Otu\u017eilc\u016f v \u0160o\u0161\u016fvce\"><img decoding=\"async\" src=\"https:\/\/www.otuzilci-brno.cz\/wp-content\/uploads\/32886424390_86db4b6d61_m-150x99.jpg\" width=\"50\" alt=\"5.03.2017 VI. Ro\u010dn\u00edk Otu\u017eilc\u016f v \u0160o\u0161\u016fvce\" \/><\/a><\/div> <h3 class=\"page-list-ext-title\"><a href=\"https:\/\/www.otuzilci-brno.cz\/?page_id=2800\" title=\"5.03.2017 VI. Ro\u010dn\u00edk Otu\u017eilc\u016f v \u0160o\u0161\u016fvce\">5.03.2017 VI. Ro\u010dn\u00edk Otu\u017eilc\u016f v \u0160o\u0161\u016fvce<\/a><\/h3><div class=\"page-list-ext-item-content\">Otu\u017eileck\u00e9 koup\u00e1n\u00ed\r\n<\/div><\/div>\n<div class=\"page-list-ext-item\"><div class=\"page-list-ext-image\"><a href=\"https:\/\/www.otuzilci-brno.cz\/?page_id=2792\" title=\"4.3.2017 Mistrovstv\u00ed \u010cR v prsa\u0159sk\u00e9m zp\u016fsobu, Praha\"><img decoding=\"async\" src=\"https:\/\/www.otuzilci-brno.cz\/wp-content\/uploads\/32897310510_b89b69eca2_m-150x99.jpg\" width=\"50\" alt=\"4.3.2017 Mistrovstv\u00ed \u010cR v prsa\u0159sk\u00e9m zp\u016fsobu, Praha\" \/><\/a><\/div> <h3 class=\"page-list-ext-title\"><a href=\"https:\/\/www.otuzilci-brno.cz\/?page_id=2792\" title=\"4.3.2017 Mistrovstv\u00ed \u010cR v prsa\u0159sk\u00e9m zp\u016fsobu, Praha\">4.3.2017 Mistrovstv\u00ed \u010cR v prsa\u0159sk\u00e9m zp\u016fsobu, Praha<\/a><\/h3><div class=\"page-list-ext-item-content\">Mistrovstv\u00ed \u010cR v prsa\u0159sk\u00e9m zp\u016fsobu\r\n\r\n<\/div><\/div>\n<div class=\"page-list-ext-item\"><div class=\"page-list-ext-image\"><a href=\"https:\/\/www.otuzilci-brno.cz\/?page_id=2787\" title=\"18.2. 2017 S\u00e1zava\"><img decoding=\"async\" src=\"https:\/\/www.otuzilci-brno.cz\/wp-content\/uploads\/32986186995_da205895de_m-150x99.jpg\" width=\"50\" alt=\"18.2. 2017 S\u00e1zava\" \/><\/a><\/div> <h3 class=\"page-list-ext-title\"><a href=\"https:\/\/www.otuzilci-brno.cz\/?page_id=2787\" title=\"18.2. 2017 S\u00e1zava\">18.2. 2017 S\u00e1zava<\/a><\/h3><div class=\"page-list-ext-item-content\">Z\u00e1vod v zimn\u00edm plav\u00e1n\u00ed\r\n\r\n<\/div><\/div>\n<div class=\"page-list-ext-item\"><div class=\"page-list-ext-image\"><a href=\"https:\/\/www.otuzilci-brno.cz\/?page_id=2769\" title=\"11.2.2017 - Mistrovstv\u00ed \u010cR v zimn\u00edm plav\u00e1n\u00ed, Brno - Bystrc\"><img decoding=\"async\" src=\"https:\/\/www.otuzilci-brno.cz\/wp-content\/uploads\/32811135576_c5513722e5_m-150x99.jpg\" width=\"50\" alt=\"11.2.2017 - Mistrovstv\u00ed \u010cR v zimn\u00edm plav\u00e1n\u00ed, Brno - Bystrc\" \/><\/a><\/div> <h3 class=\"page-list-ext-title\"><a href=\"https:\/\/www.otuzilci-brno.cz\/?page_id=2769\" title=\"11.2.2017 - Mistrovstv\u00ed \u010cR v zimn\u00edm plav\u00e1n\u00ed, Brno - Bystrc\">11.2.2017 - Mistrovstv\u00ed \u010cR v zimn\u00edm plav\u00e1n\u00ed, Brno - Bystrc<\/a><\/h3><div class=\"page-list-ext-item-content\">Mistrovstv\u00ed \u010cR v zimn\u00edm plav\u00e1n\u00ed\r\n\r\n<\/div><\/div>\n<div class=\"page-list-ext-item\"><div class=\"page-list-ext-image\"><a href=\"https:\/\/www.otuzilci-brno.cz\/?page_id=2766\" title=\"4.02. 2017 - 15.Ro\u010dn\u00edk Br\u00e1nick\u00e9 ledy Praha\"><img decoding=\"async\" src=\"https:\/\/www.otuzilci-brno.cz\/wp-content\/uploads\/32716933745_699846df57_m-150x99.jpg\" width=\"50\" alt=\"4.02. 2017 - 15.Ro\u010dn\u00edk Br\u00e1nick\u00e9 ledy Praha\" \/><\/a><\/div> <h3 class=\"page-list-ext-title\"><a href=\"https:\/\/www.otuzilci-brno.cz\/?page_id=2766\" title=\"4.02. 2017 - 15.Ro\u010dn\u00edk Br\u00e1nick\u00e9 ledy Praha\">4.02. 2017 - 15.Ro\u010dn\u00edk Br\u00e1nick\u00e9 ledy Praha<\/a><\/h3><div class=\"page-list-ext-item-content\">Z\u00e1vod v zimn\u00edm plav\u00e1n\u00ed\r\n\r\n<\/div><\/div>\n<div class=\"page-list-ext-item\"><div class=\"page-list-ext-image\"><a href=\"https:\/\/www.otuzilci-brno.cz\/?page_id=2759\" title=\"6.-8.1.2017 - Ice-swimming Burghausen\"><img decoding=\"async\" src=\"https:\/\/www.otuzilci-brno.cz\/wp-content\/uploads\/32606080622_111610cef6_m-150x99.jpg\" width=\"50\" alt=\"6.-8.1.2017 - Ice-swimming Burghausen\" \/><\/a><\/div> <h3 class=\"page-list-ext-title\"><a href=\"https:\/\/www.otuzilci-brno.cz\/?page_id=2759\" title=\"6.-8.1.2017 - Ice-swimming Burghausen\">6.-8.1.2017 - Ice-swimming Burghausen<\/a><\/h3><div class=\"page-list-ext-item-content\">Z\u00e1vod v zimn\u00edm plav\u00e1n\u00ed\r\n\r\n<\/div><\/div>\n<div class=\"page-list-ext-item\"><div class=\"page-list-ext-image\"><a href=\"https:\/\/www.otuzilci-brno.cz\/?page_id=2746\" title=\"5.1.2017 - Burghausen\"><img decoding=\"async\" src=\"https:\/\/www.otuzilci-brno.cz\/wp-content\/uploads\/32179116702_a2667fab87_m-150x84.jpg\" width=\"50\" alt=\"5.1.2017 - Burghausen\" \/><\/a><\/div> <h3 class=\"page-list-ext-title\"><a href=\"https:\/\/www.otuzilci-brno.cz\/?page_id=2746\" title=\"5.1.2017 - Burghausen\">5.1.2017 - Burghausen<\/a><\/h3><div class=\"page-list-ext-item-content\">Mistrovstv\u00ed sv\u011bta v zimn\u00edm plav\u00e1n\u00ed\r\n\r\n<\/div><\/div>\n<div class=\"page-list-ext-item\"><div class=\"page-list-ext-image\"><a href=\"https:\/\/www.otuzilci-brno.cz\/?page_id=2733\" title=\"14.1.2017 - N\u00e1chod - 46. ro\u010dn\u00edk OTU\u017dILCI NA METUJI\"><img decoding=\"async\" src=\"https:\/\/www.otuzilci-brno.cz\/wp-content\/uploads\/32168956452_6aae89340c_m1-150x99.jpg\" width=\"50\" alt=\"14.1.2017 - N\u00e1chod - 46. ro\u010dn\u00edk OTU\u017dILCI NA METUJI\" \/><\/a><\/div> <h3 class=\"page-list-ext-title\"><a href=\"https:\/\/www.otuzilci-brno.cz\/?page_id=2733\" title=\"14.1.2017 - N\u00e1chod - 46. ro\u010dn\u00edk OTU\u017dILCI NA METUJI\">14.1.2017 - N\u00e1chod - 46. ro\u010dn\u00edk OTU\u017dILCI NA METUJI<\/a><\/h3><div class=\"page-list-ext-item-content\">Z\u00e1vod v zimn\u00edm plav\u00e1n\u00ed\r\n\r\n<\/div><\/div>\n<div class=\"page-list-ext-item\"><div class=\"page-list-ext-image\"><a href=\"https:\/\/www.otuzilci-brno.cz\/?page_id=2716\" title=\"1.1.2017 - K\u0159est\"><img decoding=\"async\" src=\"https:\/\/www.otuzilci-brno.cz\/wp-content\/uploads\/31881479022_16c3da1b51_m-150x99.jpg\" width=\"50\" alt=\"1.1.2017 - K\u0159est\" \/><\/a><\/div> <h3 class=\"page-list-ext-title\"><a href=\"https:\/\/www.otuzilci-brno.cz\/?page_id=2716\" title=\"1.1.2017 - K\u0159est\">1.1.2017 - K\u0159est<\/a><\/h3><div class=\"page-list-ext-item-content\">Otu\u017eileck\u00e9 koup\u00e1n\u00ed.\r\n\r\n<\/div><\/div>\n<div class=\"page-list-ext-item\"><div class=\"page-list-ext-image\"><a href=\"https:\/\/www.otuzilci-brno.cz\/?page_id=2754\" title=\"24.12.2016 - V\u00e1no\u010dn\u00ed koup\u00e1n\u00ed v Jihlavce\"><img decoding=\"async\" src=\"https:\/\/www.otuzilci-brno.cz\/wp-content\/uploads\/32718813606_2520d33a18_m-150x99.jpg\" width=\"50\" alt=\"24.12.2016 - V\u00e1no\u010dn\u00ed koup\u00e1n\u00ed v Jihlavce\" \/><\/a><\/div> <h3 class=\"page-list-ext-title\"><a href=\"https:\/\/www.otuzilci-brno.cz\/?page_id=2754\" title=\"24.12.2016 - V\u00e1no\u010dn\u00ed koup\u00e1n\u00ed v Jihlavce\">24.12.2016 - V\u00e1no\u010dn\u00ed koup\u00e1n\u00ed v Jihlavce<\/a><\/h3><div class=\"page-list-ext-item-content\">V\u00e1no\u010dn\u00ed koup\u00e1n\u00ed\r\n\r\n<\/div><\/div>\n<div class=\"page-list-ext-item\"><div class=\"page-list-ext-image\"><a href=\"https:\/\/www.otuzilci-brno.cz\/?page_id=2700\" title=\"26.12.2016 Praha - Memori\u00e1l Alfr\u00e9da Nikod\u00e9ma\"><img decoding=\"async\" src=\"https:\/\/www.otuzilci-brno.cz\/wp-content\/uploads\/31792308941_60f8034108_m-150x99.jpg\" width=\"50\" alt=\"26.12.2016 Praha - Memori\u00e1l Alfr\u00e9da Nikod\u00e9ma\" \/><\/a><\/div> <h3 class=\"page-list-ext-title\"><a href=\"https:\/\/www.otuzilci-brno.cz\/?page_id=2700\" title=\"26.12.2016 Praha - Memori\u00e1l Alfr\u00e9da Nikod\u00e9ma\">26.12.2016 Praha - Memori\u00e1l Alfr\u00e9da Nikod\u00e9ma<\/a><\/h3><div class=\"page-list-ext-item-content\">Z\u00e1vod v zimn\u00edm plav\u00e1n\u00ed\r\n\r\n<\/div><\/div>\n<div class=\"page-list-ext-item\"><div class=\"page-list-ext-image\"><a href=\"https:\/\/www.otuzilci-brno.cz\/?page_id=2702\" title=\"24.12.2016 - \u0160t\u011bdrodenn\u00ed koup\u00e1n\u00ed v Br\u00e1nic\u00edch\"><img decoding=\"async\" src=\"https:\/\/www.otuzilci-brno.cz\/wp-content\/uploads\/31034233523_d3f63da7c0_m-150x99.jpg\" width=\"50\" alt=\"24.12.2016 - \u0160t\u011bdrodenn\u00ed koup\u00e1n\u00ed v Br\u00e1nic\u00edch\" \/><\/a><\/div> <h3 class=\"page-list-ext-title\"><a href=\"https:\/\/www.otuzilci-brno.cz\/?page_id=2702\" title=\"24.12.2016 - \u0160t\u011bdrodenn\u00ed koup\u00e1n\u00ed v Br\u00e1nic\u00edch\">24.12.2016 - \u0160t\u011bdrodenn\u00ed koup\u00e1n\u00ed v Br\u00e1nic\u00edch<\/a><\/h3><div class=\"page-list-ext-item-content\">Otu\u017eileck\u00e9 koup\u00e1n\u00ed\r\n\r\n<\/div><\/div>\n<div class=\"page-list-ext-item\"><div class=\"page-list-ext-image\"><a href=\"https:\/\/www.otuzilci-brno.cz\/?page_id=2708\" title=\"24.12.2016 - V\u00e1no\u010dn\u00ed koup\u00e1n\u00ed v lomu v Blansku\"><img decoding=\"async\" src=\"https:\/\/www.otuzilci-brno.cz\/wp-content\/uploads\/31002142894_de01db8fe6_m-150x99.jpg\" width=\"50\" alt=\"24.12.2016 - V\u00e1no\u010dn\u00ed koup\u00e1n\u00ed v lomu v Blansku\" \/><\/a><\/div> <h3 class=\"page-list-ext-title\"><a href=\"https:\/\/www.otuzilci-brno.cz\/?page_id=2708\" title=\"24.12.2016 - V\u00e1no\u010dn\u00ed koup\u00e1n\u00ed v lomu v Blansku\">24.12.2016 - V\u00e1no\u010dn\u00ed koup\u00e1n\u00ed v lomu v Blansku<\/a><\/h3><div class=\"page-list-ext-item-content\">Otu\u017eileck\u00e9 koup\u00e1n\u00ed\r\n\r\n<\/div><\/div>\n<div class=\"page-list-ext-item\"><div class=\"page-list-ext-image\"><a href=\"https:\/\/www.otuzilci-brno.cz\/?page_id=2684\" title=\"10.12. 2016 - 46. Ro\u010dn\u00edk Nap\u0159\u00ed\u010d Chocn\u00ed\"><img decoding=\"async\" src=\"https:\/\/www.otuzilci-brno.cz\/wp-content\/uploads\/31440987571_4400d85d7b_m-150x99.jpg\" width=\"50\" alt=\"10.12. 2016 - 46. Ro\u010dn\u00edk Nap\u0159\u00ed\u010d Chocn\u00ed\" \/><\/a><\/div> <h3 class=\"page-list-ext-title\"><a href=\"https:\/\/www.otuzilci-brno.cz\/?page_id=2684\" title=\"10.12. 2016 - 46. Ro\u010dn\u00edk Nap\u0159\u00ed\u010d Chocn\u00ed\">10.12. 2016 - 46. Ro\u010dn\u00edk Nap\u0159\u00ed\u010d Chocn\u00ed<\/a><\/h3><div class=\"page-list-ext-item-content\">Z\u00e1vod v zimn\u00edm plav\u00e1n\u00ed\r\n\r\n<\/div><\/div>\n<div class=\"page-list-ext-item\"><div class=\"page-list-ext-image\"><a href=\"https:\/\/www.otuzilci-brno.cz\/?page_id=2656\" title=\"3.12. 2016 - 16. Ro\u010dn\u00edk Franti\u0161ka Ka\u0161parovovsk\u00e9ho, Hradec Kr\u00e1lov\u00e9\"><img decoding=\"async\" src=\"https:\/\/www.otuzilci-brno.cz\/wp-content\/uploads\/30589600083_444ce8d2e9_n-150x100.jpg\" width=\"50\" alt=\"3.12. 2016 - 16. Ro\u010dn\u00edk Franti\u0161ka Ka\u0161parovovsk\u00e9ho, Hradec Kr\u00e1lov\u00e9\" \/><\/a><\/div> <h3 class=\"page-list-ext-title\"><a href=\"https:\/\/www.otuzilci-brno.cz\/?page_id=2656\" title=\"3.12. 2016 - 16. Ro\u010dn\u00edk Franti\u0161ka Ka\u0161parovovsk\u00e9ho, Hradec Kr\u00e1lov\u00e9\">3.12. 2016 - 16. Ro\u010dn\u00edk Franti\u0161ka Ka\u0161parovovsk\u00e9ho, Hradec Kr\u00e1lov\u00e9<\/a><\/h3><div class=\"page-list-ext-item-content\">Z\u00e1vod v zimn\u00edm plav\u00e1n\u00ed\r\n\r\n<\/div><\/div>\n<div class=\"page-list-ext-item\"><div class=\"page-list-ext-image\"><a href=\"https:\/\/www.otuzilci-brno.cz\/?page_id=2652\" title=\"26.11. 2016 - O Poh\u00e1r Slunovratu Plze\u0148\"><img decoding=\"async\" src=\"https:\/\/www.otuzilci-brno.cz\/wp-content\/uploads\/30476883714_c4ae090d5a_m-150x99.jpg\" width=\"50\" alt=\"26.11. 2016 - O Poh\u00e1r Slunovratu Plze\u0148\" \/><\/a><\/div> <h3 class=\"page-list-ext-title\"><a href=\"https:\/\/www.otuzilci-brno.cz\/?page_id=2652\" title=\"26.11. 2016 - O Poh\u00e1r Slunovratu Plze\u0148\">26.11. 2016 - O Poh\u00e1r Slunovratu Plze\u0148<\/a><\/h3><div class=\"page-list-ext-item-content\">Z\u00e1vod v zimn\u00edm plav\u00e1n\u00ed\r\n\r\n<\/div><\/div>\n<div class=\"page-list-ext-item\"><div class=\"page-list-ext-image\"><a href=\"https:\/\/www.otuzilci-brno.cz\/?page_id=2646\" title=\"19.11. 2016 - O ledov\u00f3 \u010dapo Boba P\u00e1cla\"><img decoding=\"async\" src=\"https:\/\/www.otuzilci-brno.cz\/wp-content\/uploads\/31115878265_7b52d27e6a_m-150x99.jpg\" width=\"50\" alt=\"19.11. 2016 - O ledov\u00f3 \u010dapo Boba P\u00e1cla\" \/><\/a><\/div> <h3 class=\"page-list-ext-title\"><a href=\"https:\/\/www.otuzilci-brno.cz\/?page_id=2646\" title=\"19.11. 2016 - O ledov\u00f3 \u010dapo Boba P\u00e1cla\">19.11. 2016 - O ledov\u00f3 \u010dapo Boba P\u00e1cla<\/a><\/h3><div class=\"page-list-ext-item-content\">Z\u00e1vod v zimn\u00edm plav\u00e1n\u00ed\r\n\r\n<\/div><\/div>\n<div class=\"page-list-ext-item\"><div class=\"page-list-ext-image\"><a href=\"https:\/\/www.otuzilci-brno.cz\/?page_id=2636\" title=\"12.11. 2016 - 1.Ro\u010dn\u00edk zimn\u00edho plav\u00e1n\u00ed v Blansku\"><img decoding=\"async\" src=\"https:\/\/www.otuzilci-brno.cz\/wp-content\/uploads\/30651307090_cc3779aa5a_m-150x99.jpg\" width=\"50\" alt=\"12.11. 2016 - 1.Ro\u010dn\u00edk zimn\u00edho plav\u00e1n\u00ed v Blansku\" \/><\/a><\/div> <h3 class=\"page-list-ext-title\"><a href=\"https:\/\/www.otuzilci-brno.cz\/?page_id=2636\" title=\"12.11. 2016 - 1.Ro\u010dn\u00edk zimn\u00edho plav\u00e1n\u00ed v Blansku\">12.11. 2016 - 1.Ro\u010dn\u00edk zimn\u00edho plav\u00e1n\u00ed v Blansku<\/a><\/h3><div class=\"page-list-ext-item-content\">Z\u00e1vod v zimn\u00edm plav\u00e1n\u00ed\r\n\r\n<\/div><\/div>\n<div class=\"page-list-ext-item\"><div class=\"page-list-ext-image\"><a href=\"https:\/\/www.otuzilci-brno.cz\/?page_id=2622\" title=\"29.10.2016 -P\u00e1vovsk\u00fd rybn\u00edk\"><img decoding=\"async\" src=\"https:\/\/www.otuzilci-brno.cz\/wp-content\/uploads\/30577820031_e31b4d44d3_m-150x99.jpg\" width=\"50\" alt=\"29.10.2016 -P\u00e1vovsk\u00fd rybn\u00edk\" \/><\/a><\/div> <h3 class=\"page-list-ext-title\"><a href=\"https:\/\/www.otuzilci-brno.cz\/?page_id=2622\" title=\"29.10.2016 -P\u00e1vovsk\u00fd rybn\u00edk\">29.10.2016 -P\u00e1vovsk\u00fd rybn\u00edk<\/a><\/h3><div class=\"page-list-ext-item-content\">Z\u00e1vod v zimn\u00edm plav\u00e1n\u00ed\r\n\r\n<\/div><\/div>\n<div class=\"page-list-ext-item\"><div class=\"page-list-ext-image\"><a href=\"https:\/\/www.otuzilci-brno.cz\/?page_id=2597\" title=\"8.10. 2016 - Slavkov u Brna, 11.ro\u010dn\u00edk\"><img decoding=\"async\" src=\"https:\/\/www.otuzilci-brno.cz\/wp-content\/uploads\/30172309456_fa0d674cee_m-150x99.jpg\" width=\"50\" alt=\"8.10. 2016 - Slavkov u Brna, 11.ro\u010dn\u00edk\" \/><\/a><\/div> <h3 class=\"page-list-ext-title\"><a href=\"https:\/\/www.otuzilci-brno.cz\/?page_id=2597\" title=\"8.10. 2016 - Slavkov u Brna, 11.ro\u010dn\u00edk\">8.10. 2016 - Slavkov u Brna, 11.ro\u010dn\u00edk<\/a><\/h3><div class=\"page-list-ext-item-content\">Z\u00e1vod v zimn\u00edm plav\u00e1n\u00ed\r\n\r\n<\/div><\/div>\n<div class=\"page-list-ext-item\"><div class=\"page-list-ext-image\"><a href=\"https:\/\/www.otuzilci-brno.cz\/?page_id=2577\" title=\"2.10. 2016 68.Memori\u00e1l T.K.Div\u00ed\u0161ka v Punv\u011b\"><img decoding=\"async\" src=\"https:\/\/www.otuzilci-brno.cz\/wp-content\/uploads\/29951947842_f13c57512b_m-150x99.jpg\" width=\"50\" alt=\"2.10. 2016 68.Memori\u00e1l T.K.Div\u00ed\u0161ka v Punv\u011b\" \/><\/a><\/div> <h3 class=\"page-list-ext-title\"><a href=\"https:\/\/www.otuzilci-brno.cz\/?page_id=2577\" title=\"2.10. 2016 68.Memori\u00e1l T.K.Div\u00ed\u0161ka v Punv\u011b\">2.10. 2016 68.Memori\u00e1l T.K.Div\u00ed\u0161ka v Punv\u011b<\/a><\/h3><div class=\"page-list-ext-item-content\">Otu\u017eileck\u00e9 plav\u00e1n\u00ed\r\n\r\n<\/div><\/div>\n<div class=\"page-list-ext-item\"><div class=\"page-list-ext-image\"><a href=\"https:\/\/www.otuzilci-brno.cz\/?page_id=2554\" title=\"3.9.2016 Podzimn\u00ed ro\u017ee\u0148 - M\u011blice\"><img decoding=\"async\" src=\"https:\/\/www.otuzilci-brno.cz\/wp-content\/uploads\/29446782805_e06afc7708_m-150x99.jpg\" width=\"50\" alt=\"3.9.2016 Podzimn\u00ed ro\u017ee\u0148 - M\u011blice\" \/><\/a><\/div> <h3 class=\"page-list-ext-title\"><a href=\"https:\/\/www.otuzilci-brno.cz\/?page_id=2554\" title=\"3.9.2016 Podzimn\u00ed ro\u017ee\u0148 - M\u011blice\">3.9.2016 Podzimn\u00ed ro\u017ee\u0148 - M\u011blice<\/a><\/h3><div class=\"page-list-ext-item-content\">Z\u00e1vod v d\u00e1lkov\u00e9m plav\u00e1n\u00ed\r\n\r\n<\/div><\/div>\n<div class=\"page-list-ext-item\"><div class=\"page-list-ext-image\"><a href=\"https:\/\/www.otuzilci-brno.cz\/?page_id=2551\" title=\"26.8.2016 Pastviny\"><img decoding=\"async\" src=\"https:\/\/www.otuzilci-brno.cz\/wp-content\/uploads\/29248314626_c3c0f2146d_m-150x99.jpg\" width=\"50\" alt=\"26.8.2016 Pastviny\" \/><\/a><\/div> <h3 class=\"page-list-ext-title\"><a href=\"https:\/\/www.otuzilci-brno.cz\/?page_id=2551\" title=\"26.8.2016 Pastviny\">26.8.2016 Pastviny<\/a><\/h3><div class=\"page-list-ext-item-content\">Z\u00e1vod v d\u00e1lkov\u00e9m plav\u00e1n\u00ed\r\n\r\n<\/div><\/div>\n<div class=\"page-list-ext-item\"><div class=\"page-list-ext-image\"><a href=\"https:\/\/www.otuzilci-brno.cz\/?page_id=2519\" title=\"6. - 7.8. 2016 - XII. Ro\u010dn\u00edk Doln\u00ed Vltavice - Lipno\"><img decoding=\"async\" src=\"https:\/\/www.otuzilci-brno.cz\/wp-content\/uploads\/28851939055_32fec2da00_m-150x99.jpg\" width=\"50\" alt=\"6. - 7.8. 2016 - XII. Ro\u010dn\u00edk Doln\u00ed Vltavice - Lipno\" \/><\/a><\/div> <h3 class=\"page-list-ext-title\"><a href=\"https:\/\/www.otuzilci-brno.cz\/?page_id=2519\" title=\"6. - 7.8. 2016 - XII. Ro\u010dn\u00edk Doln\u00ed Vltavice - Lipno\">6. - 7.8. 2016 - XII. Ro\u010dn\u00edk Doln\u00ed Vltavice - Lipno<\/a><\/h3><div class=\"page-list-ext-item-content\">Z\u00e1vod v d\u00e1lkov\u00e9m plav\u00e1n\u00ed\r\n\r\n<\/div><\/div>\n<div class=\"page-list-ext-item\"><div class=\"page-list-ext-image\"><a href=\"https:\/\/www.otuzilci-brno.cz\/?page_id=2509\" title=\"30.7. 2016 O poh\u00e1r m\u011bsta Hav\u00ed\u0159ova\"><img decoding=\"async\" src=\"https:\/\/www.otuzilci-brno.cz\/wp-content\/uploads\/28419075260_1164164f8f_m-150x99.jpg\" width=\"50\" alt=\"30.7. 2016 O poh\u00e1r m\u011bsta Hav\u00ed\u0159ova\" \/><\/a><\/div> <h3 class=\"page-list-ext-title\"><a href=\"https:\/\/www.otuzilci-brno.cz\/?page_id=2509\" title=\"30.7. 2016 O poh\u00e1r m\u011bsta Hav\u00ed\u0159ova\">30.7. 2016 O poh\u00e1r m\u011bsta Hav\u00ed\u0159ova<\/a><\/h3><div class=\"page-list-ext-item-content\">Z\u00e1vod v d\u00e1lkov\u00e9m plav\u00e1n\u00ed\r\n\r\n<\/div><\/div>\n<div class=\"page-list-ext-item\"><div class=\"page-list-ext-image\"><a href=\"https:\/\/www.otuzilci-brno.cz\/?page_id=2505\" title=\"24.07.2016 M\u010cR \u017e\u00e1k\u016f - St\u0159\u00edbrn\u00e9 jezero Opava\"><img decoding=\"async\" src=\"https:\/\/www.otuzilci-brno.cz\/wp-content\/uploads\/27900425944_bf488b5b74_m-150x99.jpg\" width=\"50\" alt=\"24.07.2016 M\u010cR \u017e\u00e1k\u016f - St\u0159\u00edbrn\u00e9 jezero Opava\" \/><\/a><\/div> <h3 class=\"page-list-ext-title\"><a href=\"https:\/\/www.otuzilci-brno.cz\/?page_id=2505\" title=\"24.07.2016 M\u010cR \u017e\u00e1k\u016f - St\u0159\u00edbrn\u00e9 jezero Opava\">24.07.2016 M\u010cR \u017e\u00e1k\u016f - St\u0159\u00edbrn\u00e9 jezero Opava<\/a><\/h3><div class=\"page-list-ext-item-content\">Z\u00e1vod v d\u00e1lkov\u00e9m plav\u00e1n\u00ed\r\n\r\n<\/div><\/div>\n<div class=\"page-list-ext-item\"><div class=\"page-list-ext-image\"><a href=\"https:\/\/www.otuzilci-brno.cz\/?page_id=2502\" title=\"5.7. 2016 42.Garoma+Maraton Brno\"><img decoding=\"async\" src=\"https:\/\/www.otuzilci-brno.cz\/wp-content\/uploads\/28029185502_b38e2c31cf_m-150x99.jpg\" width=\"50\" alt=\"5.7. 2016 42.Garoma+Maraton Brno\" \/><\/a><\/div> <h3 class=\"page-list-ext-title\"><a href=\"https:\/\/www.otuzilci-brno.cz\/?page_id=2502\" title=\"5.7. 2016 42.Garoma+Maraton Brno\">5.7. 2016 42.Garoma+Maraton Brno<\/a><\/h3><div class=\"page-list-ext-item-content\">Z\u00e1vod v d\u00e1lkov\u00e9m plav\u00e1n\u00ed\r\n\r\n<\/div><\/div>\n<div class=\"page-list-ext-item\"><div class=\"page-list-ext-image\"><a href=\"https:\/\/www.otuzilci-brno.cz\/?page_id=2487\" title=\"26.06.2016 SE\u010c\"><img decoding=\"async\" src=\"https:\/\/www.otuzilci-brno.cz\/wp-content\/uploads\/27328691274_28c3400103_z-150x100.jpg\" width=\"50\" alt=\"26.06.2016 SE\u010c\" \/><\/a><\/div> <h3 class=\"page-list-ext-title\"><a href=\"https:\/\/www.otuzilci-brno.cz\/?page_id=2487\" title=\"26.06.2016 SE\u010c\">26.06.2016 SE\u010c<\/a><\/h3><div class=\"page-list-ext-item-content\">Z\u00e1vod v d\u00e1lkov\u00e9m plav\u00e1n\u00ed\r\n\r\n<\/div><\/div>\n<div class=\"page-list-ext-item\"><div class=\"page-list-ext-image\"><a href=\"https:\/\/www.otuzilci-brno.cz\/?page_id=2483\" title=\"25.06.2016 Ostyle Cup Jablonec nad Nisou\"><img decoding=\"async\" src=\"https:\/\/www.otuzilci-brno.cz\/wp-content\/uploads\/27863754571_c82c441193_m-1-150x99.jpg\" width=\"50\" alt=\"25.06.2016 Ostyle Cup Jablonec nad Nisou\" \/><\/a><\/div> <h3 class=\"page-list-ext-title\"><a href=\"https:\/\/www.otuzilci-brno.cz\/?page_id=2483\" title=\"25.06.2016 Ostyle Cup Jablonec nad Nisou\">25.06.2016 Ostyle Cup Jablonec nad Nisou<\/a><\/h3><div class=\"page-list-ext-item-content\">Z\u00e1vod v d\u00e1lkov\u00e9m plav\u00e1n\u00ed\r\n\r\n<\/div><\/div>\n<div class=\"page-list-ext-item\"><div class=\"page-list-ext-image\"><a href=\"https:\/\/www.otuzilci-brno.cz\/?page_id=2479\" title=\"18.06.2016 - \u0160pinka\"><img decoding=\"async\" src=\"https:\/\/www.otuzilci-brno.cz\/wp-content\/uploads\/27163440464_df3dfcf02b_m-150x99.jpg\" width=\"50\" alt=\"18.06.2016 - \u0160pinka\" \/><\/a><\/div> <h3 class=\"page-list-ext-title\"><a href=\"https:\/\/www.otuzilci-brno.cz\/?page_id=2479\" title=\"18.06.2016 - \u0160pinka\">18.06.2016 - \u0160pinka<\/a><\/h3><div class=\"page-list-ext-item-content\">Z\u00e1vod d\u00e1lkov\u00e9ho plav\u00e1n\u00ed\r\n\r\n<\/div><\/div>\n<div class=\"page-list-ext-item\"><div class=\"page-list-ext-image\"><a href=\"https:\/\/www.otuzilci-brno.cz\/?page_id=2476\" title=\"11.06.2016 - Tova\u010dovsk\u00fd marat\u00f3n\"><img decoding=\"async\" src=\"https:\/\/www.otuzilci-brno.cz\/wp-content\/uploads\/27004389314_a95c672cbb_m-150x99.jpg\" width=\"50\" alt=\"11.06.2016 - Tova\u010dovsk\u00fd marat\u00f3n\" \/><\/a><\/div> <h3 class=\"page-list-ext-title\"><a href=\"https:\/\/www.otuzilci-brno.cz\/?page_id=2476\" title=\"11.06.2016 - Tova\u010dovsk\u00fd marat\u00f3n\">11.06.2016 - Tova\u010dovsk\u00fd marat\u00f3n<\/a><\/h3><div class=\"page-list-ext-item-content\">Z\u00e1vod v d\u00e1lkov\u00e9m plav\u00e1n\u00ed\r\n\r\n<\/div><\/div>\n<div class=\"page-list-ext-item\"><div class=\"page-list-ext-image\"><a href=\"https:\/\/www.otuzilci-brno.cz\/?page_id=2350\" title=\"16.01.2016 - 45. N\u00e1chod v zimn\u00edm plav\u00e1n\u00ed\"><img decoding=\"async\" src=\"https:\/\/www.otuzilci-brno.cz\/wp-content\/uploads\/24311452562_9750c45ef9_m-150x99.jpg\" width=\"50\" alt=\"16.01.2016 - 45. N\u00e1chod v zimn\u00edm plav\u00e1n\u00ed\" \/><\/a><\/div> <h3 class=\"page-list-ext-title\"><a href=\"https:\/\/www.otuzilci-brno.cz\/?page_id=2350\" title=\"16.01.2016 - 45. N\u00e1chod v zimn\u00edm plav\u00e1n\u00ed\">16.01.2016 - 45. N\u00e1chod v zimn\u00edm plav\u00e1n\u00ed<\/a><\/h3><div class=\"page-list-ext-item-content\">Z\u00e1vod v zimn\u00edm plav\u00e1n\u00ed\r\n\r\n<\/div><\/div>\n<div class=\"page-list-ext-item\"><div class=\"page-list-ext-image\"><a href=\"https:\/\/www.otuzilci-brno.cz\/?page_id=2335\" title=\"1.1.2016 - K\u0159est\"><img decoding=\"async\" src=\"https:\/\/www.otuzilci-brno.cz\/wp-content\/uploads\/23821733539_3d795a1604_n-150x100.jpg\" width=\"50\" alt=\"1.1.2016 - K\u0159est\" \/><\/a><\/div> <h3 class=\"page-list-ext-title\"><a href=\"https:\/\/www.otuzilci-brno.cz\/?page_id=2335\" title=\"1.1.2016 - K\u0159est\">1.1.2016 - K\u0159est<\/a><\/h3><div class=\"page-list-ext-item-content\">Novoro\u010dn\u00ed k\u0159est nov\u00fdch \u010dlen\u016f a otu\u017eileck\u00e9 koup\u00e1n\u00ed\r\n\r\n<\/div><\/div>\n<div class=\"page-list-ext-item\"><div class=\"page-list-ext-image\"><a href=\"https:\/\/www.otuzilci-brno.cz\/?page_id=2298\" title=\"31.12.2015 - Otu\u017eileck\u00e9 koup\u00e1n\u00ed v Lu\u017eici\"><img decoding=\"async\" src=\"https:\/\/www.otuzilci-brno.cz\/wp-content\/uploads\/23819458679_0038d3eb53_m-150x99.jpg\" width=\"50\" alt=\"31.12.2015 - Otu\u017eileck\u00e9 koup\u00e1n\u00ed v Lu\u017eici\" \/><\/a><\/div> <h3 class=\"page-list-ext-title\"><a href=\"https:\/\/www.otuzilci-brno.cz\/?page_id=2298\" title=\"31.12.2015 - Otu\u017eileck\u00e9 koup\u00e1n\u00ed v Lu\u017eici\">31.12.2015 - Otu\u017eileck\u00e9 koup\u00e1n\u00ed v Lu\u017eici<\/a><\/h3><div class=\"page-list-ext-item-content\">Silvestrovsk\u00e9 otu\u017eileck\u00e9 koup\u00e1n\u00ed v Lu\u017eici\r\n\r\n<\/div><\/div>\n<div class=\"page-list-ext-item\"><div class=\"page-list-ext-image\"><a href=\"https:\/\/www.otuzilci-brno.cz\/?page_id=2329\" title=\"24.12.2015 - Setk\u00e1n\u00ed na Jihlavce\"><img decoding=\"async\" src=\"https:\/\/www.otuzilci-brno.cz\/wp-content\/uploads\/23932167776_65853a263e_m1-150x99.jpg\" width=\"50\" alt=\"24.12.2015 - Setk\u00e1n\u00ed na Jihlavce\" \/><\/a><\/div> <h3 class=\"page-list-ext-title\"><a href=\"https:\/\/www.otuzilci-brno.cz\/?page_id=2329\" title=\"24.12.2015 - Setk\u00e1n\u00ed na Jihlavce\">24.12.2015 - Setk\u00e1n\u00ed na Jihlavce<\/a><\/h3><div class=\"page-list-ext-item-content\">&nbsp;\r\n@Foto: Dalimil Marek \r\n\r\n\u00a9Foto:\u00a0Petr a Radom\u00edr Kure\u010dkovi \r\n<\/div><\/div>\n<div class=\"page-list-ext-item\"><div class=\"page-list-ext-image\"><a href=\"https:\/\/www.otuzilci-brno.cz\/?page_id=2309\" title=\"24.12.2015 - V\u00e1no\u010dn\u00ed koup\u00e1n\u00ed v lomu Blansko\"><img decoding=\"async\" src=\"https:\/\/www.otuzilci-brno.cz\/wp-content\/uploads\/23850213312_0d77f0a773_m-150x113.jpg\" width=\"50\" alt=\"24.12.2015 - V\u00e1no\u010dn\u00ed koup\u00e1n\u00ed v lomu Blansko\" \/><\/a><\/div> <h3 class=\"page-list-ext-title\"><a href=\"https:\/\/www.otuzilci-brno.cz\/?page_id=2309\" title=\"24.12.2015 - V\u00e1no\u010dn\u00ed koup\u00e1n\u00ed v lomu Blansko\">24.12.2015 - V\u00e1no\u010dn\u00ed koup\u00e1n\u00ed v lomu Blansko<\/a><\/h3><div class=\"page-list-ext-item-content\">Zimn\u00edm  koup\u00e1n\u00ed.\r\n<\/div><\/div>\n<div class=\"page-list-ext-item\"><div class=\"page-list-ext-image\"><a href=\"https:\/\/www.otuzilci-brno.cz\/?page_id=2274\" title=\"5.12.2015 - 44. Plav\u00e1n\u00ed v Labi\"><img decoding=\"async\" src=\"https:\/\/www.otuzilci-brno.cz\/wp-content\/uploads\/22929554103_caca74b0dd_m-150x99.jpg\" width=\"50\" alt=\"5.12.2015 - 44. Plav\u00e1n\u00ed v Labi\" \/><\/a><\/div> <h3 class=\"page-list-ext-title\"><a href=\"https:\/\/www.otuzilci-brno.cz\/?page_id=2274\" title=\"5.12.2015 - 44. Plav\u00e1n\u00ed v Labi\">5.12.2015 - 44. Plav\u00e1n\u00ed v Labi<\/a><\/h3><div class=\"page-list-ext-item-content\">Z\u00e1vod v zimn\u00edm  plav\u00e1n\u00ed.\r\n<\/div><\/div>\n<div class=\"page-list-ext-item\"><div class=\"page-list-ext-image\"><a href=\"https:\/\/www.otuzilci-brno.cz\/?page_id=2262\" title=\"28.11. 2015 &quot;O Poh\u00e1r Plzn\u011b v zimn\u00edm plav\u00e1n\u00ed&quot;\"><img decoding=\"async\" src=\"https:\/\/www.otuzilci-brno.cz\/wp-content\/uploads\/23391022915_69b81a29a4_m-150x99.jpg\" width=\"50\" alt=\"28.11. 2015 &quot;O Poh\u00e1r Plzn\u011b v zimn\u00edm plav\u00e1n\u00ed&quot;\" \/><\/a><\/div> <h3 class=\"page-list-ext-title\"><a href=\"https:\/\/www.otuzilci-brno.cz\/?page_id=2262\" title=\"28.11. 2015 &quot;O Poh\u00e1r Plzn\u011b v zimn\u00edm plav\u00e1n\u00ed&quot;\">28.11. 2015 &quot;O Poh\u00e1r Plzn\u011b v zimn\u00edm plav\u00e1n\u00ed&quot;<\/a><\/h3><div class=\"page-list-ext-item-content\">Z\u00e1vod v zimn\u00edm plav\u00e1n\u00ed.\r\n<\/div><\/div>\n<div class=\"page-list-ext-item\"><div class=\"page-list-ext-image\"><a href=\"https:\/\/www.otuzilci-brno.cz\/?page_id=2239\" title=\"21.11.2015 - 2.ro\u010dn\u00edk O led\u00f3vo \u010d\u00e1po Boba P\u00e1cla\"><img decoding=\"async\" src=\"https:\/\/www.otuzilci-brno.cz\/wp-content\/uploads\/22555196954_c6b8c1ddb3_m-150x99.jpg\" width=\"50\" alt=\"21.11.2015 - 2.ro\u010dn\u00edk O led\u00f3vo \u010d\u00e1po Boba P\u00e1cla\" \/><\/a><\/div> <h3 class=\"page-list-ext-title\"><a href=\"https:\/\/www.otuzilci-brno.cz\/?page_id=2239\" title=\"21.11.2015 - 2.ro\u010dn\u00edk O led\u00f3vo \u010d\u00e1po Boba P\u00e1cla\">21.11.2015 - 2.ro\u010dn\u00edk O led\u00f3vo \u010d\u00e1po Boba P\u00e1cla<\/a><\/h3><div class=\"page-list-ext-item-content\">Z\u00e1vod v zimn\u00edm plav\u00e1n\u00ed.\r\n<\/div><\/div>\n<div class=\"page-list-ext-item\"><div class=\"page-list-ext-image\"><a href=\"https:\/\/www.otuzilci-brno.cz\/?page_id=2223\" title=\"31.10.2015 - Jihlava\"><img decoding=\"async\" src=\"https:\/\/www.otuzilci-brno.cz\/wp-content\/uploads\/22022205143_edb8920d65_m-150x99.jpg\" width=\"50\" alt=\"31.10.2015 - Jihlava\" \/><\/a><\/div> <h3 class=\"page-list-ext-title\"><a href=\"https:\/\/www.otuzilci-brno.cz\/?page_id=2223\" title=\"31.10.2015 - Jihlava\">31.10.2015 - Jihlava<\/a><\/h3><div class=\"page-list-ext-item-content\">Z\u00e1vod v zimn\u00edm plav\u00e1n\u00ed.\r\n<\/div><\/div>\n<div class=\"page-list-ext-item\"><div class=\"page-list-ext-image\"><a href=\"https:\/\/www.otuzilci-brno.cz\/?page_id=2201\" title=\"25.10.2015 - 6. Ji\u010d\u00ednsk\u00fd Kn\u00ed\u017eep\u00e1n\"><img decoding=\"async\" src=\"https:\/\/www.otuzilci-brno.cz\/wp-content\/uploads\/22428894216_1e62796bb7_m1-150x99.jpg\" width=\"50\" alt=\"25.10.2015 - 6. Ji\u010d\u00ednsk\u00fd Kn\u00ed\u017eep\u00e1n\" \/><\/a><\/div> <h3 class=\"page-list-ext-title\"><a href=\"https:\/\/www.otuzilci-brno.cz\/?page_id=2201\" title=\"25.10.2015 - 6. Ji\u010d\u00ednsk\u00fd Kn\u00ed\u017eep\u00e1n\">25.10.2015 - 6. Ji\u010d\u00ednsk\u00fd Kn\u00ed\u017eep\u00e1n<\/a><\/h3><div class=\"page-list-ext-item-content\">Z\u00e1vod v zimn\u00edm\u00a0plav\u00e1n\u00ed.\r\n<\/div><\/div>\n<div class=\"page-list-ext-item\"><div class=\"page-list-ext-image\"><a href=\"https:\/\/www.otuzilci-brno.cz\/?page_id=2182\" title=\"4.10.2015 - 67.Memori\u00e1l Div\u00ed\u0161ka v Punkv\u011b\"><img decoding=\"async\" src=\"https:\/\/www.otuzilci-brno.cz\/wp-content\/uploads\/21943150416_451c2c1920_m-150x99.jpg\" width=\"50\" alt=\"4.10.2015 - 67.Memori\u00e1l Div\u00ed\u0161ka v Punkv\u011b\" \/><\/a><\/div> <h3 class=\"page-list-ext-title\"><a href=\"https:\/\/www.otuzilci-brno.cz\/?page_id=2182\" title=\"4.10.2015 - 67.Memori\u00e1l Div\u00ed\u0161ka v Punkv\u011b\">4.10.2015 - 67.Memori\u00e1l Div\u00ed\u0161ka v Punkv\u011b<\/a><\/h3><div class=\"page-list-ext-item-content\">Z\u00e1vod v d\u00e1lkov\u00e9m plav\u00e1n\u00ed.\r\n<\/div><\/div>\n<div class=\"page-list-ext-item\"><div class=\"page-list-ext-image\"><a href=\"https:\/\/www.otuzilci-brno.cz\/?page_id=2161\" title=\"13.9.2015 - Kan\u00e1l LaManche Slavkov\"><img decoding=\"async\" src=\"https:\/\/www.otuzilci-brno.cz\/wp-content\/uploads\/21375405152_0567ea480e_m-150x100.jpg\" width=\"50\" alt=\"13.9.2015 - Kan\u00e1l LaManche Slavkov\" \/><\/a><\/div> <h3 class=\"page-list-ext-title\"><a href=\"https:\/\/www.otuzilci-brno.cz\/?page_id=2161\" title=\"13.9.2015 - Kan\u00e1l LaManche Slavkov\">13.9.2015 - Kan\u00e1l LaManche Slavkov<\/a><\/h3><div class=\"page-list-ext-item-content\">Odd\u00edlov\u00fd \u0161tafetov\u00fd z\u00e1vod\u00a0v d\u00e1lkov\u00e9m plav\u00e1n\u00ed.\r\n<\/div><\/div>\n<div class=\"page-list-ext-item\"><div class=\"page-list-ext-image\"><a href=\"https:\/\/www.otuzilci-brno.cz\/?page_id=2138\" title=\"29.8.2015 - Pastviny\"><img decoding=\"async\" src=\"https:\/\/www.otuzilci-brno.cz\/wp-content\/uploads\/20970931726_dffd99fb3e_m1-150x100.jpg\" width=\"50\" alt=\"29.8.2015 - Pastviny\" \/><\/a><\/div> <h3 class=\"page-list-ext-title\"><a href=\"https:\/\/www.otuzilci-brno.cz\/?page_id=2138\" title=\"29.8.2015 - Pastviny\">29.8.2015 - Pastviny<\/a><\/h3><div class=\"page-list-ext-item-content\">Z\u00e1vod v d\u00e1lkov\u00e9m plav\u00e1n\u00ed.\r\n<\/div><\/div>\n<div class=\"page-list-ext-item\"><div class=\"page-list-ext-image\"><a href=\"https:\/\/www.otuzilci-brno.cz\/?page_id=2129\" title=\"22.-23.8.2015 M\u010cR Ra\u010dice\"><img decoding=\"async\" src=\"https:\/\/www.otuzilci-brno.cz\/wp-content\/uploads\/20647438628_9c096685d5_m1-150x99.jpg\" width=\"50\" alt=\"22.-23.8.2015 M\u010cR Ra\u010dice\" \/><\/a><\/div> <h3 class=\"page-list-ext-title\"><a href=\"https:\/\/www.otuzilci-brno.cz\/?page_id=2129\" title=\"22.-23.8.2015 M\u010cR Ra\u010dice\">22.-23.8.2015 M\u010cR Ra\u010dice<\/a><\/h3><div class=\"page-list-ext-item-content\">Mistrovstv\u00ed \u010cR a z\u00e1vod v d\u00e1lkov\u00e9m plav\u00e1n\u00ed.\r\n<\/div><\/div>\n<div class=\"page-list-ext-item\"><div class=\"page-list-ext-image\"><a href=\"https:\/\/www.otuzilci-brno.cz\/?page_id=2133\" title=\"15.8.2015 O poh\u00e1r m\u011bsta Hav\u00ed\u0159ova\"><img decoding=\"async\" src=\"https:\/\/www.otuzilci-brno.cz\/wp-content\/uploads\/20626634935_3556691af6_m1-150x100.jpg\" width=\"50\" alt=\"15.8.2015 O poh\u00e1r m\u011bsta Hav\u00ed\u0159ova\" \/><\/a><\/div> <h3 class=\"page-list-ext-title\"><a href=\"https:\/\/www.otuzilci-brno.cz\/?page_id=2133\" title=\"15.8.2015 O poh\u00e1r m\u011bsta Hav\u00ed\u0159ova\">15.8.2015 O poh\u00e1r m\u011bsta Hav\u00ed\u0159ova<\/a><\/h3><div class=\"page-list-ext-item-content\">Z\u00e1vod v d\u00e1lkov\u00e9m plav\u00e1n\u00ed.\r\n<\/div><\/div>\n<div class=\"page-list-ext-item\"><div class=\"page-list-ext-image\"><a href=\"https:\/\/www.otuzilci-brno.cz\/?page_id=2124\" title=\"9.8.2015 - Veselsk\u00e1 hodinovka\"><img decoding=\"async\" src=\"https:\/\/www.otuzilci-brno.cz\/wp-content\/uploads\/20300966819_77bc3a734d_m1-150x99.jpg\" width=\"50\" alt=\"9.8.2015 - Veselsk\u00e1 hodinovka\" \/><\/a><\/div> <h3 class=\"page-list-ext-title\"><a href=\"https:\/\/www.otuzilci-brno.cz\/?page_id=2124\" title=\"9.8.2015 - Veselsk\u00e1 hodinovka\">9.8.2015 - Veselsk\u00e1 hodinovka<\/a><\/h3><div class=\"page-list-ext-item-content\">Z\u00e1vod v d\u00e1lkov\u00e9m plav\u00e1n\u00ed.\r\n<\/div><\/div>\n<div class=\"page-list-ext-item\"><div class=\"page-list-ext-image\"><a href=\"https:\/\/www.otuzilci-brno.cz\/?page_id=2110\" title=\"25.7.2015 - O poh\u00e1r m\u011bsta Hlu\u010d\u00edna\"><img decoding=\"async\" src=\"https:\/\/www.otuzilci-brno.cz\/wp-content\/uploads\/19394883974_a45d91cb98_m1-150x100.jpg\" width=\"50\" alt=\"25.7.2015 - O poh\u00e1r m\u011bsta Hlu\u010d\u00edna\" \/><\/a><\/div> <h3 class=\"page-list-ext-title\"><a href=\"https:\/\/www.otuzilci-brno.cz\/?page_id=2110\" title=\"25.7.2015 - O poh\u00e1r m\u011bsta Hlu\u010d\u00edna\">25.7.2015 - O poh\u00e1r m\u011bsta Hlu\u010d\u00edna<\/a><\/h3><div class=\"page-list-ext-item-content\">Z\u00e1vod v d\u00e1lkov\u00e9m plav\u00e1n\u00ed.\r\n<\/div><\/div>\n<div class=\"page-list-ext-item\"><div class=\"page-list-ext-image\"><a href=\"https:\/\/www.otuzilci-brno.cz\/?page_id=2108\" title=\"2.8.2015 Lipno - O poh\u00e1r starosty \u010cern\u00e1 v Po\u0161umav\u00ed\"><img decoding=\"async\" src=\"https:\/\/www.otuzilci-brno.cz\/wp-content\/uploads\/20234618975_a8bf2cc371_m1-150x100.jpg\" width=\"50\" alt=\"2.8.2015 Lipno - O poh\u00e1r starosty \u010cern\u00e1 v Po\u0161umav\u00ed\" \/><\/a><\/div> <h3 class=\"page-list-ext-title\"><a href=\"https:\/\/www.otuzilci-brno.cz\/?page_id=2108\" title=\"2.8.2015 Lipno - O poh\u00e1r starosty \u010cern\u00e1 v Po\u0161umav\u00ed\">2.8.2015 Lipno - O poh\u00e1r starosty \u010cern\u00e1 v Po\u0161umav\u00ed<\/a><\/h3><div class=\"page-list-ext-item-content\">Z\u00e1vod v d\u00e1lkov\u00e9m plav\u00e1n\u00ed.\r\n<\/div><\/div>\n<div class=\"page-list-ext-item\"><div class=\"page-list-ext-image\"><a href=\"https:\/\/www.otuzilci-brno.cz\/?page_id=2058\" title=\"21.6.2015 41.Ro\u010dn\u00edk Garoma Brno\"><img decoding=\"async\" src=\"https:\/\/www.otuzilci-brno.cz\/wp-content\/uploads\/18857242078_73a0260f51_m1-150x100.jpg\" width=\"50\" alt=\"21.6.2015 41.Ro\u010dn\u00edk Garoma Brno\" \/><\/a><\/div> <h3 class=\"page-list-ext-title\"><a href=\"https:\/\/www.otuzilci-brno.cz\/?page_id=2058\" title=\"21.6.2015 41.Ro\u010dn\u00edk Garoma Brno\">21.6.2015 41.Ro\u010dn\u00edk Garoma Brno<\/a><\/h3><div class=\"page-list-ext-item-content\">Z\u00e1vod v d\u00e1lkov\u00e9m plav\u00e1n\u00ed.\r\n<\/div><\/div>\n<div class=\"page-list-ext-item\"><div class=\"page-list-ext-image\"><a href=\"https:\/\/www.otuzilci-brno.cz\/?page_id=2046\" title=\"6.6.2015 4.Ro\u010dn\u00edk Tova\u010dovsk\u00fd Marat\u00f3n\"><img decoding=\"async\" src=\"https:\/\/www.otuzilci-brno.cz\/wp-content\/uploads\/18554272245_7f84abff06_m1-150x100.jpg\" width=\"50\" alt=\"6.6.2015 4.Ro\u010dn\u00edk Tova\u010dovsk\u00fd Marat\u00f3n\" \/><\/a><\/div> <h3 class=\"page-list-ext-title\"><a href=\"https:\/\/www.otuzilci-brno.cz\/?page_id=2046\" title=\"6.6.2015 4.Ro\u010dn\u00edk Tova\u010dovsk\u00fd Marat\u00f3n\">6.6.2015 4.Ro\u010dn\u00edk Tova\u010dovsk\u00fd Marat\u00f3n<\/a><\/h3><div class=\"page-list-ext-item-content\">Z\u00e1vod v d\u00e1lkov\u00e9m plav\u00e1n\u00ed.\r\n<\/div><\/div>\n<div class=\"page-list-ext-item\"><div class=\"page-list-ext-image\"><a href=\"https:\/\/www.otuzilci-brno.cz\/?page_id=2035\" title=\"30.5.2015 O Poh\u00e1r L\u00eddy Jel\u00ednkov\u00e9 - M\u011blice\"><img decoding=\"async\" src=\"https:\/\/www.otuzilci-brno.cz\/wp-content\/uploads\/18270962135_8dde331295_m1-150x100.jpg\" width=\"50\" alt=\"30.5.2015 O Poh\u00e1r L\u00eddy Jel\u00ednkov\u00e9 - M\u011blice\" \/><\/a><\/div> <h3 class=\"page-list-ext-title\"><a href=\"https:\/\/www.otuzilci-brno.cz\/?page_id=2035\" title=\"30.5.2015 O Poh\u00e1r L\u00eddy Jel\u00ednkov\u00e9 - M\u011blice\">30.5.2015 O Poh\u00e1r L\u00eddy Jel\u00ednkov\u00e9 - M\u011blice<\/a><\/h3><div class=\"page-list-ext-item-content\">Z\u00e1vod v d\u00e1lkov\u00e9m plav\u00e1n\u00ed.\r\n<\/div><\/div>\n<div class=\"page-list-ext-item\"><div class=\"page-list-ext-image\"><a href=\"https:\/\/www.otuzilci-brno.cz\/?page_id=1978\" title=\"4.4.2015 \u010ce\u0159en\u00ed Bah\u0148\u00e1ku - Nov\u00e1 Paka\"><img decoding=\"async\" src=\"https:\/\/www.otuzilci-brno.cz\/wp-content\/uploads\/16850697698_ceb85509d2_m1-150x100.jpg\" width=\"50\" alt=\"4.4.2015 \u010ce\u0159en\u00ed Bah\u0148\u00e1ku - Nov\u00e1 Paka\" \/><\/a><\/div> <h3 class=\"page-list-ext-title\"><a href=\"https:\/\/www.otuzilci-brno.cz\/?page_id=1978\" title=\"4.4.2015 \u010ce\u0159en\u00ed Bah\u0148\u00e1ku - Nov\u00e1 Paka\">4.4.2015 \u010ce\u0159en\u00ed Bah\u0148\u00e1ku - Nov\u00e1 Paka<\/a><\/h3><div class=\"page-list-ext-item-content\">Z\u00e1v\u011bre\u010dn\u00fd z\u00e1vod v zimn\u00edm plav\u00e1n\u00ed sez\u00f3ny 2014\/2015.\r\n<\/div><\/div>\n<div class=\"page-list-ext-item\"><div class=\"page-list-ext-image\"><a href=\"https:\/\/www.otuzilci-brno.cz\/?page_id=1968\" title=\"28.3.2015 - Z\u00e1\u0159\u00ed\u010d\u00ed - &quot;Otu\u017eileck\u00e9 v\u00edt\u00e1n\u00ed jara na Han\u00e9&quot;\"><img decoding=\"async\" src=\"https:\/\/www.otuzilci-brno.cz\/wp-content\/uploads\/16956167242_1c38f18d89_m1-150x100.jpg\" width=\"50\" alt=\"28.3.2015 - Z\u00e1\u0159\u00ed\u010d\u00ed - &quot;Otu\u017eileck\u00e9 v\u00edt\u00e1n\u00ed jara na Han\u00e9&quot;\" \/><\/a><\/div> <h3 class=\"page-list-ext-title\"><a href=\"https:\/\/www.otuzilci-brno.cz\/?page_id=1968\" title=\"28.3.2015 - Z\u00e1\u0159\u00ed\u010d\u00ed - &quot;Otu\u017eileck\u00e9 v\u00edt\u00e1n\u00ed jara na Han\u00e9&quot;\">28.3.2015 - Z\u00e1\u0159\u00ed\u010d\u00ed - &quot;Otu\u017eileck\u00e9 v\u00edt\u00e1n\u00ed jara na Han\u00e9&quot;<\/a><\/h3><div class=\"page-list-ext-item-content\">Z\u00e1vod v zimn\u00edm plav\u00e1n\u00ed\r\n\r\n<\/div><\/div>\n<div class=\"page-list-ext-item\"><div class=\"page-list-ext-image\"><a href=\"https:\/\/www.otuzilci-brno.cz\/?page_id=1957\" title=\"21.3.2015 - O poh\u00e1r St\u0159\u00edbrn\u00e9ho jezera - Opava\"><img decoding=\"async\" src=\"https:\/\/www.otuzilci-brno.cz\/wp-content\/uploads\/16696536568_fd118ba961_m-150x100.jpg\" width=\"50\" alt=\"21.3.2015 - O poh\u00e1r St\u0159\u00edbrn\u00e9ho jezera - Opava\" \/><\/a><\/div> <h3 class=\"page-list-ext-title\"><a href=\"https:\/\/www.otuzilci-brno.cz\/?page_id=1957\" title=\"21.3.2015 - O poh\u00e1r St\u0159\u00edbrn\u00e9ho jezera - Opava\">21.3.2015 - O poh\u00e1r St\u0159\u00edbrn\u00e9ho jezera - Opava<\/a><\/h3><div class=\"page-list-ext-item-content\">Z\u00e1vod v zimn\u00edm plav\u00e1n\u00ed\r\n\r\n<\/div><\/div>\n<div class=\"page-list-ext-item\"><div class=\"page-list-ext-image\"><a href=\"https:\/\/www.otuzilci-brno.cz\/?page_id=1952\" title=\"14.3.2015 - O poh\u00e1r Slne\u010dn\u00fdch jazier Senec\"><img decoding=\"async\" src=\"https:\/\/www.otuzilci-brno.cz\/wp-content\/uploads\/16818374971_c843ca12cd_m1-150x100.jpg\" width=\"50\" alt=\"14.3.2015 - O poh\u00e1r Slne\u010dn\u00fdch jazier Senec\" \/><\/a><\/div> <h3 class=\"page-list-ext-title\"><a href=\"https:\/\/www.otuzilci-brno.cz\/?page_id=1952\" title=\"14.3.2015 - O poh\u00e1r Slne\u010dn\u00fdch jazier Senec\">14.3.2015 - O poh\u00e1r Slne\u010dn\u00fdch jazier Senec<\/a><\/h3><div class=\"page-list-ext-item-content\">Z\u00e1vod v zimn\u00edm plav\u00e1n\u00ed\r\n\r\n<\/div><\/div>\n<div class=\"page-list-ext-item\"><div class=\"page-list-ext-image\"><a href=\"https:\/\/www.otuzilci-brno.cz\/?page_id=1946\" title=\"7.3.2015 - Sv\u011btov\u00fd rekord na ledovou m\u00edli\"><img decoding=\"async\" src=\"https:\/\/www.otuzilci-brno.cz\/wp-content\/uploads\/16564954689_5f18792d3d_m1-150x100.jpg\" width=\"50\" alt=\"7.3.2015 - Sv\u011btov\u00fd rekord na ledovou m\u00edli\" \/><\/a><\/div> <h3 class=\"page-list-ext-title\"><a href=\"https:\/\/www.otuzilci-brno.cz\/?page_id=1946\" title=\"7.3.2015 - Sv\u011btov\u00fd rekord na ledovou m\u00edli\">7.3.2015 - Sv\u011btov\u00fd rekord na ledovou m\u00edli<\/a><\/h3><div class=\"page-list-ext-item-content\">Foto z p\u0159ekon\u00e1n\u00ed sv\u011btov\u00e9ho rekordu na ledovou m\u00edli - Rostislav V\u00edtek\r\n\r\n<\/div><\/div>\n<div class=\"page-list-ext-item\"><div class=\"page-list-ext-image\"><a href=\"https:\/\/www.otuzilci-brno.cz\/?page_id=1935\" title=\"1.3.2015 - 4. Ro\u010dn\u00edk otu\u017eilck\u00e9ho koup\u00e1n\u00ed v \u0160o\u0161\u016fvce\"><img decoding=\"async\" src=\"https:\/\/www.otuzilci-brno.cz\/wp-content\/uploads\/16497592058_8a81e4c9b4_m1-150x100.jpg\" width=\"50\" alt=\"1.3.2015 - 4. Ro\u010dn\u00edk otu\u017eilck\u00e9ho koup\u00e1n\u00ed v \u0160o\u0161\u016fvce\" \/><\/a><\/div> <h3 class=\"page-list-ext-title\"><a href=\"https:\/\/www.otuzilci-brno.cz\/?page_id=1935\" title=\"1.3.2015 - 4. Ro\u010dn\u00edk otu\u017eilck\u00e9ho koup\u00e1n\u00ed v \u0160o\u0161\u016fvce\">1.3.2015 - 4. Ro\u010dn\u00edk otu\u017eilck\u00e9ho koup\u00e1n\u00ed v \u0160o\u0161\u016fvce<\/a><\/h3><div class=\"page-list-ext-item-content\">4. Ro\u010dn\u00edk otu\u017eilck\u00e9ho koup\u00e1n\u00ed v \u0160o\u0161\u016fvce\r\n\r\n<\/div><\/div>\n<div class=\"page-list-ext-item\"><div class=\"page-list-ext-image\"><a href=\"https:\/\/www.otuzilci-brno.cz\/?page_id=1930\" title=\"28.2.2015 - Mistrovstv\u00ed \u010cR v prsa\u0159sk\u00e9m zp\u016fsobu, Praha\"><img decoding=\"async\" src=\"https:\/\/www.otuzilci-brno.cz\/wp-content\/uploads\/16488805569_5bfd57b7c6_m1-150x100.jpg\" width=\"50\" alt=\"28.2.2015 - Mistrovstv\u00ed \u010cR v prsa\u0159sk\u00e9m zp\u016fsobu, Praha\" \/><\/a><\/div> <h3 class=\"page-list-ext-title\"><a href=\"https:\/\/www.otuzilci-brno.cz\/?page_id=1930\" title=\"28.2.2015 - Mistrovstv\u00ed \u010cR v prsa\u0159sk\u00e9m zp\u016fsobu, Praha\">28.2.2015 - Mistrovstv\u00ed \u010cR v prsa\u0159sk\u00e9m zp\u016fsobu, Praha<\/a><\/h3><div class=\"page-list-ext-item-content\">Z\u00e1vod v zimn\u00edm\u00a0plav\u00e1n\u00ed -\u00a0Mistrovstv\u00ed \u010cR v prsa\u0159sk\u00e9m zp\u016fsobu\r\n\r\n<\/div><\/div>\n<div class=\"page-list-ext-item\"><div class=\"page-list-ext-image\"><a href=\"https:\/\/www.otuzilci-brno.cz\/?page_id=1920\" title=\"21.2.2015 - Olomouc\"><img decoding=\"async\" src=\"https:\/\/www.otuzilci-brno.cz\/wp-content\/uploads\/16602210965_8564c0ecd3_m1-150x100.jpg\" width=\"50\" alt=\"21.2.2015 - Olomouc\" \/><\/a><\/div> <h3 class=\"page-list-ext-title\"><a href=\"https:\/\/www.otuzilci-brno.cz\/?page_id=1920\" title=\"21.2.2015 - Olomouc\">21.2.2015 - Olomouc<\/a><\/h3><div class=\"page-list-ext-item-content\">Z\u00e1vod v zimn\u00edm\u00a0plav\u00e1n\u00ed \r\n<\/div><\/div>\n<div class=\"page-list-ext-item\"><div class=\"page-list-ext-image\"><a href=\"https:\/\/www.otuzilci-brno.cz\/?page_id=1891\" title=\"7.2.2015 - Mistrovstv\u00ed \u010cR ve voln\u00e9m zp\u016fsobu, Brno\"><img decoding=\"async\" src=\"https:\/\/www.otuzilci-brno.cz\/wp-content\/uploads\/16448073166_fe7db33e25_m1-150x100.jpg\" width=\"50\" alt=\"7.2.2015 - Mistrovstv\u00ed \u010cR ve voln\u00e9m zp\u016fsobu, Brno\" \/><\/a><\/div> <h3 class=\"page-list-ext-title\"><a href=\"https:\/\/www.otuzilci-brno.cz\/?page_id=1891\" title=\"7.2.2015 - Mistrovstv\u00ed \u010cR ve voln\u00e9m zp\u016fsobu, Brno\">7.2.2015 - Mistrovstv\u00ed \u010cR ve voln\u00e9m zp\u016fsobu, Brno<\/a><\/h3><div class=\"page-list-ext-item-content\">Z\u00e1vod v zimn\u00edm\u00a0plav\u00e1n\u00ed -\u00a0Mistrovstv\u00ed \u010cR ve voln\u00e9m zp\u016fsobu\r\n\r\n<\/div><\/div>\n<div class=\"page-list-ext-item\"><div class=\"page-list-ext-image\"><a href=\"https:\/\/www.otuzilci-brno.cz\/?page_id=1896\" title=\"5.2.2015 - Vyhl\u00e1\u0161en\u00ed nejlep\u0161\u00edch plavc\u016f \u010cR\"><img decoding=\"async\" src=\"https:\/\/www.otuzilci-brno.cz\/wp-content\/uploads\/16292946830_43f3c28661_m1-150x100.jpg\" width=\"50\" alt=\"5.2.2015 - Vyhl\u00e1\u0161en\u00ed nejlep\u0161\u00edch plavc\u016f \u010cR\" \/><\/a><\/div> <h3 class=\"page-list-ext-title\"><a href=\"https:\/\/www.otuzilci-brno.cz\/?page_id=1896\" title=\"5.2.2015 - Vyhl\u00e1\u0161en\u00ed nejlep\u0161\u00edch plavc\u016f \u010cR\">5.2.2015 - Vyhl\u00e1\u0161en\u00ed nejlep\u0161\u00edch plavc\u016f \u010cR<\/a><\/h3><div class=\"page-list-ext-item-content\">Vyhl\u00e1\u0161en\u00ed nejlep\u0161\u00edch plavc\u016f \u010cR\r\n\r\n<\/div><\/div>\n<div class=\"page-list-ext-item\"><div class=\"page-list-ext-image\"><a href=\"https:\/\/www.otuzilci-brno.cz\/?page_id=1882\" title=\"31.1.2015 - Branick\u00e9 ledy\"><img decoding=\"async\" src=\"https:\/\/www.otuzilci-brno.cz\/wp-content\/uploads\/15796149643_39af8f092b_m1-150x100.jpg\" width=\"50\" alt=\"31.1.2015 - Branick\u00e9 ledy\" \/><\/a><\/div> <h3 class=\"page-list-ext-title\"><a href=\"https:\/\/www.otuzilci-brno.cz\/?page_id=1882\" title=\"31.1.2015 - Branick\u00e9 ledy\">31.1.2015 - Branick\u00e9 ledy<\/a><\/h3><div class=\"page-list-ext-item-content\">Z\u00e1vod v zimn\u00edm\u00a0plav\u00e1n\u00ed -\u00a0Branick\u00e9 ledy\r\n\r\n<\/div><\/div>\n<div class=\"page-list-ext-item\"><div class=\"page-list-ext-image\"><a href=\"https:\/\/www.otuzilci-brno.cz\/?page_id=1865\" title=\"10.1.2015 - N\u00e1chod\"><img decoding=\"async\" src=\"https:\/\/www.otuzilci-brno.cz\/wp-content\/uploads\/15624219584_5edd1c000a_m1-100x150.jpg\" width=\"50\" alt=\"10.1.2015 - N\u00e1chod\" \/><\/a><\/div> <h3 class=\"page-list-ext-title\"><a href=\"https:\/\/www.otuzilci-brno.cz\/?page_id=1865\" title=\"10.1.2015 - N\u00e1chod\">10.1.2015 - N\u00e1chod<\/a><\/h3><div class=\"page-list-ext-item-content\">Z\u00e1vod v zimn\u00edm\u00a0plav\u00e1n\u00ed - Setk\u00e1n\u00ed otu\u017eilc\u016f na Metuji\r\n\r\n<\/div><\/div>\n<div class=\"page-list-ext-item\"><div class=\"page-list-ext-image\"><a href=\"https:\/\/www.otuzilci-brno.cz\/?page_id=1823\" title=\"1.11.2015 - K\u0159est\"><img decoding=\"async\" src=\"https:\/\/www.otuzilci-brno.cz\/wp-content\/uploads\/15979527837_5ed7239ece_m1-150x100.jpg\" width=\"50\" alt=\"1.11.2015 - K\u0159est\" \/><\/a><\/div> <h3 class=\"page-list-ext-title\"><a href=\"https:\/\/www.otuzilci-brno.cz\/?page_id=1823\" title=\"1.11.2015 - K\u0159est\">1.11.2015 - K\u0159est<\/a><\/h3><div class=\"page-list-ext-item-content\">Zimn\u00ed koup\u00e1n\u00ed - k\u0159est\r\n\r\n<\/div><\/div>\n<div class=\"page-list-ext-item\"><div class=\"page-list-ext-image\"><a href=\"https:\/\/www.otuzilci-brno.cz\/?page_id=1813\" title=\"24.12.2014 - Setk\u00e1n\u00ed u Jihlavky na \u0160t\u011bdr\u00fd den\"><img decoding=\"async\" src=\"https:\/\/www.otuzilci-brno.cz\/wp-content\/uploads\/15908381400_9e8f90baff_m1-150x100.jpg\" width=\"50\" alt=\"24.12.2014 - Setk\u00e1n\u00ed u Jihlavky na \u0160t\u011bdr\u00fd den\" \/><\/a><\/div> <h3 class=\"page-list-ext-title\"><a href=\"https:\/\/www.otuzilci-brno.cz\/?page_id=1813\" title=\"24.12.2014 - Setk\u00e1n\u00ed u Jihlavky na \u0160t\u011bdr\u00fd den\">24.12.2014 - Setk\u00e1n\u00ed u Jihlavky na \u0160t\u011bdr\u00fd den<\/a><\/h3><div class=\"page-list-ext-item-content\">Zimn\u00ed koup\u00e1n\u00ed\r\n\r\n<\/div><\/div>\n<div class=\"page-list-ext-item\"><div class=\"page-list-ext-image\"><a href=\"https:\/\/www.otuzilci-brno.cz\/?page_id=1815\" title=\"24.12.2014 - Koup\u00e1n\u00ed na \u0160t\u011bdr\u00fd den - Lom Blansko\"><img decoding=\"async\" src=\"https:\/\/www.otuzilci-brno.cz\/wp-content\/uploads\/15908360158_ddff810bdd_m1-150x100.jpg\" width=\"50\" alt=\"24.12.2014 - Koup\u00e1n\u00ed na \u0160t\u011bdr\u00fd den - Lom Blansko\" \/><\/a><\/div> <h3 class=\"page-list-ext-title\"><a href=\"https:\/\/www.otuzilci-brno.cz\/?page_id=1815\" title=\"24.12.2014 - Koup\u00e1n\u00ed na \u0160t\u011bdr\u00fd den - Lom Blansko\">24.12.2014 - Koup\u00e1n\u00ed na \u0160t\u011bdr\u00fd den - Lom Blansko<\/a><\/h3><div class=\"page-list-ext-item-content\">Zimn\u00ed koup\u00e1n\u00ed\r\n\r\n<\/div><\/div>\n<div class=\"page-list-ext-item\"><div class=\"page-list-ext-image\"><a href=\"https:\/\/www.otuzilci-brno.cz\/?page_id=1826\" title=\"26.12.2014 - Praha\"><img decoding=\"async\" src=\"https:\/\/www.otuzilci-brno.cz\/wp-content\/uploads\/15978121018_4ca616831e_n1-150x100.jpg\" width=\"50\" alt=\"26.12.2014 - Praha\" \/><\/a><\/div> <h3 class=\"page-list-ext-title\"><a href=\"https:\/\/www.otuzilci-brno.cz\/?page_id=1826\" title=\"26.12.2014 - Praha\">26.12.2014 - Praha<\/a><\/h3><div class=\"page-list-ext-item-content\">Z\u00e1vod v zimn\u00edm plav\u00e1n\u00ed v Praze na \u0160t\u011bp\u00e1na - 68. memori\u00e1l Alfreda Nikod\u00e9ma\r\n\r\n<\/div><\/div>\n<div class=\"page-list-ext-item\"><div class=\"page-list-ext-image\"><a href=\"https:\/\/www.otuzilci-brno.cz\/?page_id=1766\" title=\"6.12.2014 - Choce\u0148\"><img decoding=\"async\" src=\"https:\/\/www.otuzilci-brno.cz\/wp-content\/uploads\/15774587649_d7bb1c6517_m1-150x100.jpg\" width=\"50\" alt=\"6.12.2014 - Choce\u0148\" \/><\/a><\/div> <h3 class=\"page-list-ext-title\"><a href=\"https:\/\/www.otuzilci-brno.cz\/?page_id=1766\" title=\"6.12.2014 - Choce\u0148\">6.12.2014 - Choce\u0148<\/a><\/h3><div class=\"page-list-ext-item-content\">Z\u00e1vod v zimn\u00edm plav\u00e1n\u00ed\r\n\r\n<\/div><\/div>\n<div class=\"page-list-ext-item\"><div class=\"page-list-ext-image\"><a href=\"https:\/\/www.otuzilci-brno.cz\/?page_id=1769\" title=\"29.11.2014 - Hradec Kr\u00e1lov\u00e9\"><img decoding=\"async\" src=\"https:\/\/www.otuzilci-brno.cz\/wp-content\/uploads\/15284737764_39287d87ef_m1-150x100.jpg\" width=\"50\" alt=\"29.11.2014 - Hradec Kr\u00e1lov\u00e9\" \/><\/a><\/div> <h3 class=\"page-list-ext-title\"><a href=\"https:\/\/www.otuzilci-brno.cz\/?page_id=1769\" title=\"29.11.2014 - Hradec Kr\u00e1lov\u00e9\">29.11.2014 - Hradec Kr\u00e1lov\u00e9<\/a><\/h3><div class=\"page-list-ext-item-content\">Z\u00e1vod v zimn\u00edm plav\u00e1n\u00ed\r\n\r\n<\/div><\/div>\n<div class=\"page-list-ext-item\"><div class=\"page-list-ext-image\"><a href=\"https:\/\/www.otuzilci-brno.cz\/?page_id=1736\" title=\"15.11.2014 - Slavkov, Podzimn\u00ed m\u00edle\"><img decoding=\"async\" src=\"https:\/\/www.otuzilci-brno.cz\/wp-content\/uploads\/15816019151_8628704f5a_m1-150x112.jpg\" width=\"50\" alt=\"15.11.2014 - Slavkov, Podzimn\u00ed m\u00edle\" \/><\/a><\/div> <h3 class=\"page-list-ext-title\"><a href=\"https:\/\/www.otuzilci-brno.cz\/?page_id=1736\" title=\"15.11.2014 - Slavkov, Podzimn\u00ed m\u00edle\">15.11.2014 - Slavkov, Podzimn\u00ed m\u00edle<\/a><\/h3><div class=\"page-list-ext-item-content\"><\/div><\/div>\n<div class=\"page-list-ext-item\"><div class=\"page-list-ext-image\"><a href=\"https:\/\/www.otuzilci-brno.cz\/?page_id=1700\" title=\"1.11.2014 - P\u0159erov, z\u00e1vod v zimn\u00edm plav\u00e1n\u00ed\"><img decoding=\"async\" src=\"https:\/\/www.otuzilci-brno.cz\/wp-content\/uploads\/15497696590_fc93957691_m1-150x100.jpg\" width=\"50\" alt=\"1.11.2014 - P\u0159erov, z\u00e1vod v zimn\u00edm plav\u00e1n\u00ed\" \/><\/a><\/div> <h3 class=\"page-list-ext-title\"><a href=\"https:\/\/www.otuzilci-brno.cz\/?page_id=1700\" title=\"1.11.2014 - P\u0159erov, z\u00e1vod v zimn\u00edm plav\u00e1n\u00ed\">1.11.2014 - P\u0159erov, z\u00e1vod v zimn\u00edm plav\u00e1n\u00ed<\/a><\/h3><div class=\"page-list-ext-item-content\">Z\u00e1vod v zimn\u00edm plav\u00e1n\u00ed<\/div><\/div>\n<div class=\"page-list-ext-item\"><div class=\"page-list-ext-image\"><a href=\"https:\/\/www.otuzilci-brno.cz\/?page_id=1694\" title=\"25.10.2014 - Jihlava, z\u00e1vod v zimn\u00edm plav\u00e1n\u00ed\"><img decoding=\"async\" src=\"https:\/\/www.otuzilci-brno.cz\/wp-content\/uploads\/15465389377_2ab7067176_m1-150x100.jpg\" width=\"50\" alt=\"25.10.2014 - Jihlava, z\u00e1vod v zimn\u00edm plav\u00e1n\u00ed\" \/><\/a><\/div> <h3 class=\"page-list-ext-title\"><a href=\"https:\/\/www.otuzilci-brno.cz\/?page_id=1694\" title=\"25.10.2014 - Jihlava, z\u00e1vod v zimn\u00edm plav\u00e1n\u00ed\">25.10.2014 - Jihlava, z\u00e1vod v zimn\u00edm plav\u00e1n\u00ed<\/a><\/h3><div class=\"page-list-ext-item-content\">Z\u00e1vod v zimn\u00edm plav\u00e1n\u00ed<\/div><\/div>\n<div class=\"page-list-ext-item\"><div class=\"page-list-ext-image\"><a href=\"https:\/\/www.otuzilci-brno.cz\/?page_id=1674\" title=\"18.10.2014 - Ji\u010d\u00edn, z\u00e1vod v zimn\u00edm plav\u00e1n\u00ed\"><img decoding=\"async\" src=\"https:\/\/www.otuzilci-brno.cz\/wp-content\/uploads\/14944375674_a8c5a30137_m1-150x100.jpg\" width=\"50\" alt=\"18.10.2014 - Ji\u010d\u00edn, z\u00e1vod v zimn\u00edm plav\u00e1n\u00ed\" \/><\/a><\/div> <h3 class=\"page-list-ext-title\"><a href=\"https:\/\/www.otuzilci-brno.cz\/?page_id=1674\" title=\"18.10.2014 - Ji\u010d\u00edn, z\u00e1vod v zimn\u00edm plav\u00e1n\u00ed\">18.10.2014 - Ji\u010d\u00edn, z\u00e1vod v zimn\u00edm plav\u00e1n\u00ed<\/a><\/h3><div class=\"page-list-ext-item-content\">Z\u00e1vod v zimn\u00edm plav\u00e1n\u00ed<\/div><\/div>\n<div class=\"page-list-ext-item\"><div class=\"page-list-ext-image\"><a href=\"https:\/\/www.otuzilci-brno.cz\/?page_id=1660\" title=\"11.10.2014 - Slavkov, z\u00e1vod v zimn\u00edm plav\u00e1n\u00ed\"><img decoding=\"async\" src=\"https:\/\/www.otuzilci-brno.cz\/wp-content\/uploads\/15508999831_bfd55be724_m1-150x100.jpg\" width=\"50\" alt=\"11.10.2014 - Slavkov, z\u00e1vod v zimn\u00edm plav\u00e1n\u00ed\" \/><\/a><\/div> <h3 class=\"page-list-ext-title\"><a href=\"https:\/\/www.otuzilci-brno.cz\/?page_id=1660\" title=\"11.10.2014 - Slavkov, z\u00e1vod v zimn\u00edm plav\u00e1n\u00ed\">11.10.2014 - Slavkov, z\u00e1vod v zimn\u00edm plav\u00e1n\u00ed<\/a><\/h3><div class=\"page-list-ext-item-content\">Z\u00e1vod v zimn\u00edm plav\u00e1n\u00ed<\/div><\/div>\n<div class=\"page-list-ext-item\"><div class=\"page-list-ext-image\"><a href=\"https:\/\/www.otuzilci-brno.cz\/?page_id=1576\" title=\"13.9.2014 - Slavkov, odd\u00edlov\u00fd La Manche\"><img decoding=\"async\" src=\"https:\/\/www.otuzilci-brno.cz\/wp-content\/uploads\/15039674399_9b8ecacdc8_m1-150x100.jpg\" width=\"50\" alt=\"13.9.2014 - Slavkov, odd\u00edlov\u00fd La Manche\" \/><\/a><\/div> <h3 class=\"page-list-ext-title\"><a href=\"https:\/\/www.otuzilci-brno.cz\/?page_id=1576\" title=\"13.9.2014 - Slavkov, odd\u00edlov\u00fd La Manche\">13.9.2014 - Slavkov, odd\u00edlov\u00fd La Manche<\/a><\/h3><div class=\"page-list-ext-item-content\">Odd\u00edlov\u00fd z\u00e1vod \u0161tafet v p\u0159ekon\u00e1n\u00ed vzd\u00e1lenosti kan\u00e1lu La Manche<\/div><\/div>\n<div class=\"page-list-ext-item\"><div class=\"page-list-ext-image\"><a href=\"https:\/\/www.otuzilci-brno.cz\/?page_id=1554\" title=\"23.8. - 24.8.2014 - Mistrovstv\u00ed \u010cR v d\u00e1lkov\u00e9m plav\u00e1n\u00ed, vesla\u0159sk\u00fd kan\u00e1l Ra\u010dice\"><img decoding=\"async\" src=\"https:\/\/www.otuzilci-brno.cz\/wp-content\/uploads\/15039358941_19fe4f0c6f_m1-150x100.jpg\" width=\"50\" alt=\"23.8. - 24.8.2014 - Mistrovstv\u00ed \u010cR v d\u00e1lkov\u00e9m plav\u00e1n\u00ed, vesla\u0159sk\u00fd kan\u00e1l Ra\u010dice\" \/><\/a><\/div> <h3 class=\"page-list-ext-title\"><a href=\"https:\/\/www.otuzilci-brno.cz\/?page_id=1554\" title=\"23.8. - 24.8.2014 - Mistrovstv\u00ed \u010cR v d\u00e1lkov\u00e9m plav\u00e1n\u00ed, vesla\u0159sk\u00fd kan\u00e1l Ra\u010dice\">23.8. - 24.8.2014 - Mistrovstv\u00ed \u010cR v d\u00e1lkov\u00e9m plav\u00e1n\u00ed, vesla\u0159sk\u00fd kan\u00e1l Ra\u010dice<\/a><\/h3><div class=\"page-list-ext-item-content\">Z\u00e1vod v d\u00e1lkov\u00e9m plav\u00e1n\u00ed.<\/div><\/div>\n<div class=\"page-list-ext-item\"><div class=\"page-list-ext-image\"><a href=\"https:\/\/www.otuzilci-brno.cz\/?page_id=1618\" title=\"8.10.2014 - Punkevn\u00ed jeskyn\u011b\"><img decoding=\"async\" src=\"https:\/\/www.otuzilci-brno.cz\/wp-content\/uploads\/15416772842_1535dce278_m1-150x100.jpg\" width=\"50\" alt=\"8.10.2014 - Punkevn\u00ed jeskyn\u011b\" \/><\/a><\/div> <h3 class=\"page-list-ext-title\"><a href=\"https:\/\/www.otuzilci-brno.cz\/?page_id=1618\" title=\"8.10.2014 - Punkevn\u00ed jeskyn\u011b\">8.10.2014 - Punkevn\u00ed jeskyn\u011b<\/a><\/h3><div class=\"page-list-ext-item-content\">Tr\u00e9nink v Punkevn\u00ed jeskyni\r\n<\/div><\/div>\n<div class=\"page-list-ext-item\"><div class=\"page-list-ext-image\"><a href=\"https:\/\/www.otuzilci-brno.cz\/?page_id=1616\" title=\"10.8.2014 - Vesel\u00ed-Vlkov\"><img decoding=\"async\" src=\"https:\/\/www.otuzilci-brno.cz\/wp-content\/uploads\/15412077092_cf472f2aef_m1-150x100.jpg\" width=\"50\" alt=\"10.8.2014 - Vesel\u00ed-Vlkov\" \/><\/a><\/div> <h3 class=\"page-list-ext-title\"><a href=\"https:\/\/www.otuzilci-brno.cz\/?page_id=1616\" title=\"10.8.2014 - Vesel\u00ed-Vlkov\">10.8.2014 - Vesel\u00ed-Vlkov<\/a><\/h3><div class=\"page-list-ext-item-content\">Z\u00e1vod v d\u00e1lkov\u00e9m plav\u00e1n\u00ed.<\/div><\/div>\n<div class=\"page-list-ext-item\"><div class=\"page-list-ext-image\"><a href=\"https:\/\/www.otuzilci-brno.cz\/?page_id=1615\" title=\"2.-3.8.2014 - Lipno\"><img decoding=\"async\" src=\"https:\/\/www.otuzilci-brno.cz\/wp-content\/uploads\/15409862151_968868807d_m1-150x100.jpg\" width=\"50\" alt=\"2.-3.8.2014 - Lipno\" \/><\/a><\/div> <h3 class=\"page-list-ext-title\"><a href=\"https:\/\/www.otuzilci-brno.cz\/?page_id=1615\" title=\"2.-3.8.2014 - Lipno\">2.-3.8.2014 - Lipno<\/a><\/h3><div class=\"page-list-ext-item-content\">Z\u00e1vod v d\u00e1lkov\u00e9m plav\u00e1n\u00ed.<\/div><\/div>\n<div class=\"page-list-ext-item\"><div class=\"page-list-ext-image\"><a href=\"https:\/\/www.otuzilci-brno.cz\/?page_id=1617\" title=\"5.7.2014 - Bolevec\"><img decoding=\"async\" src=\"https:\/\/www.otuzilci-brno.cz\/wp-content\/uploads\/15388221776_68e6aaaca6_m1-150x112.jpg\" width=\"50\" alt=\"5.7.2014 - Bolevec\" \/><\/a><\/div> <h3 class=\"page-list-ext-title\"><a href=\"https:\/\/www.otuzilci-brno.cz\/?page_id=1617\" title=\"5.7.2014 - Bolevec\">5.7.2014 - Bolevec<\/a><\/h3><div class=\"page-list-ext-item-content\">Z\u00e1vod v d\u00e1lkov\u00e9m plav\u00e1n\u00ed.<\/div><\/div>\n<div class=\"page-list-ext-item\"><div class=\"page-list-ext-image\"><a href=\"https:\/\/www.otuzilci-brno.cz\/?page_id=1619\" title=\"6.7.2014 - Ejpovick\u00e1 9\"><img decoding=\"async\" src=\"https:\/\/www.otuzilci-brno.cz\/wp-content\/uploads\/15224550458_19b1064258_m1-150x112.jpg\" width=\"50\" alt=\"6.7.2014 - Ejpovick\u00e1 9\" \/><\/a><\/div> <h3 class=\"page-list-ext-title\"><a href=\"https:\/\/www.otuzilci-brno.cz\/?page_id=1619\" title=\"6.7.2014 - Ejpovick\u00e1 9\">6.7.2014 - Ejpovick\u00e1 9<\/a><\/h3><div class=\"page-list-ext-item-content\">Z\u00e1vod v d\u00e1lkov\u00e9m plav\u00e1n\u00ed.<\/div><\/div>\n<div class=\"page-list-ext-item\"><div class=\"page-list-ext-image\"><a href=\"https:\/\/www.otuzilci-brno.cz\/?page_id=1622\" title=\"23.8. - 24.8.2014 - Mistrovstv\u00ed \u010cR v d\u00e1lkov\u00e9m plav\u00e1n\u00ed, vesla\u0159sk\u00fd kan\u00e1l Ra\u010dice\"><img decoding=\"async\" src=\"https:\/\/www.otuzilci-brno.cz\/wp-content\/uploads\/15039358941_19fe4f0c6f_m11-150x100.jpg\" width=\"50\" alt=\"23.8. - 24.8.2014 - Mistrovstv\u00ed \u010cR v d\u00e1lkov\u00e9m plav\u00e1n\u00ed, vesla\u0159sk\u00fd kan\u00e1l Ra\u010dice\" \/><\/a><\/div> <h3 class=\"page-list-ext-title\"><a href=\"https:\/\/www.otuzilci-brno.cz\/?page_id=1622\" title=\"23.8. - 24.8.2014 - Mistrovstv\u00ed \u010cR v d\u00e1lkov\u00e9m plav\u00e1n\u00ed, vesla\u0159sk\u00fd kan\u00e1l Ra\u010dice\">23.8. - 24.8.2014 - Mistrovstv\u00ed \u010cR v d\u00e1lkov\u00e9m plav\u00e1n\u00ed, vesla\u0159sk\u00fd kan\u00e1l Ra\u010dice<\/a><\/h3><div class=\"page-list-ext-item-content\">Z\u00e1vod v d\u00e1lkov\u00e9m plav\u00e1n\u00ed.<\/div><\/div>\n<div class=\"page-list-ext-item\"><div class=\"page-list-ext-image\"><a href=\"https:\/\/www.otuzilci-brno.cz\/?page_id=1523\" title=\"30.6.2014 - Jubilejn\u00ed 40. Brn\u011bnsk\u00fd GAROMA+ marat\u00f3n\"><img decoding=\"async\" src=\"https:\/\/www.otuzilci-brno.cz\/wp-content\/uploads\/14349611339_6870708bc5_m1-150x112.jpg\" width=\"50\" alt=\"30.6.2014 - Jubilejn\u00ed 40. Brn\u011bnsk\u00fd GAROMA+ marat\u00f3n\" \/><\/a><\/div> <h3 class=\"page-list-ext-title\"><a href=\"https:\/\/www.otuzilci-brno.cz\/?page_id=1523\" title=\"30.6.2014 - Jubilejn\u00ed 40. Brn\u011bnsk\u00fd GAROMA+ marat\u00f3n\">30.6.2014 - Jubilejn\u00ed 40. Brn\u011bnsk\u00fd GAROMA+ marat\u00f3n<\/a><\/h3><div class=\"page-list-ext-item-content\">Z\u00e1vod v d\u00e1lkov\u00e9m plav\u00e1n\u00ed<\/div><\/div>\n<div class=\"page-list-ext-item\"><div class=\"page-list-ext-image\"><a href=\"https:\/\/www.otuzilci-brno.cz\/?page_id=1620\" title=\"21.6.2014 - Tova\u010dovsk\u00fd maraton\"><img decoding=\"async\" src=\"https:\/\/www.otuzilci-brno.cz\/wp-content\/uploads\/15226281587_c1390f8c3a_m1-150x100.jpg\" width=\"50\" alt=\"21.6.2014 - Tova\u010dovsk\u00fd maraton\" \/><\/a><\/div> <h3 class=\"page-list-ext-title\"><a href=\"https:\/\/www.otuzilci-brno.cz\/?page_id=1620\" title=\"21.6.2014 - Tova\u010dovsk\u00fd maraton\">21.6.2014 - Tova\u010dovsk\u00fd maraton<\/a><\/h3><div class=\"page-list-ext-item-content\">Z\u00e1vod v d\u00e1lkov\u00e9m plav\u00e1n\u00ed.<\/div><\/div>\n<div class=\"page-list-ext-item\"><div class=\"page-list-ext-image\"><a href=\"https:\/\/www.otuzilci-brno.cz\/?page_id=1497\" title=\"7.6.2014 - M\u011blice\"><img decoding=\"async\" src=\"https:\/\/www.otuzilci-brno.cz\/wp-content\/uploads\/14240427228_4847c231e3_m1-150x100.jpg\" width=\"50\" alt=\"7.6.2014 - M\u011blice\" \/><\/a><\/div> <h3 class=\"page-list-ext-title\"><a href=\"https:\/\/www.otuzilci-brno.cz\/?page_id=1497\" title=\"7.6.2014 - M\u011blice\">7.6.2014 - M\u011blice<\/a><\/h3><div class=\"page-list-ext-item-content\">Z\u00e1vod v d\u00e1lkov\u00e9m plav\u00e1n\u00ed<\/div><\/div>\n<div class=\"page-list-ext-item\"><div class=\"page-list-ext-image\"><a href=\"https:\/\/www.otuzilci-brno.cz\/?page_id=1534\" title=\"\u010dervenec 2014 - 5. Pliva\u010dki maraton Raslina\"><img decoding=\"async\" src=\"https:\/\/www.otuzilci-brno.cz\/wp-content\/uploads\/14839669531_fd3cc61d7a_m1-150x84.jpg\" width=\"50\" alt=\"\u010dervenec 2014 - 5. Pliva\u010dki maraton Raslina\" \/><\/a><\/div> <h3 class=\"page-list-ext-title\"><a href=\"https:\/\/www.otuzilci-brno.cz\/?page_id=1534\" title=\"\u010dervenec 2014 - 5. Pliva\u010dki maraton Raslina\">\u010dervenec 2014 - 5. Pliva\u010dki maraton Raslina<\/a><\/h3><div class=\"page-list-ext-item-content\">Z\u00e1vod v d\u00e1lkov\u00e9m plav\u00e1n\u00ed<\/div><\/div>\n<div class=\"page-list-ext-item\"><div class=\"page-list-ext-image\"><a href=\"https:\/\/www.otuzilci-brno.cz\/?page_id=1485\" title=\"24.5.2014 - La Manche ve Slavkov\u011b\"><img decoding=\"async\" src=\"https:\/\/www.otuzilci-brno.cz\/wp-content\/uploads\/14072340249_f9298a4f93_m1-150x100.jpg\" width=\"50\" alt=\"24.5.2014 - La Manche ve Slavkov\u011b\" \/><\/a><\/div> <h3 class=\"page-list-ext-title\"><a href=\"https:\/\/www.otuzilci-brno.cz\/?page_id=1485\" title=\"24.5.2014 - La Manche ve Slavkov\u011b\">24.5.2014 - La Manche ve Slavkov\u011b<\/a><\/h3><div class=\"page-list-ext-item-content\">Odd\u00edlov\u00fd z\u00e1vod \u0161tafet v p\u0159ekon\u00e1n\u00ed vzd\u00e1lenosti kan\u00e1lu La Manche<\/div><\/div>\n<div class=\"page-list-ext-item\"><div class=\"page-list-ext-image\"><a href=\"https:\/\/www.otuzilci-brno.cz\/?page_id=1252\" title=\"6.4.2014 - \u0160o\u0161\u016fvka\"><img decoding=\"async\" src=\"https:\/\/www.otuzilci-brno.cz\/wp-content\/uploads\/13697124904_422e5ffc5e_m1-150x100.jpg\" width=\"50\" alt=\"6.4.2014 - \u0160o\u0161\u016fvka\" \/><\/a><\/div> <h3 class=\"page-list-ext-title\"><a href=\"https:\/\/www.otuzilci-brno.cz\/?page_id=1252\" title=\"6.4.2014 - \u0160o\u0161\u016fvka\">6.4.2014 - \u0160o\u0161\u016fvka<\/a><\/h3><div class=\"page-list-ext-item-content\">Otu\u017eileck\u00e9 koup\u00e1n\u00ed - rozlou\u010den\u00ed se sez\u00f3nou<\/div><\/div>\n<div class=\"page-list-ext-item\"><div class=\"page-list-ext-image\"><a href=\"https:\/\/www.otuzilci-brno.cz\/?page_id=1237\" title=\"5.4.2014 - Nov\u00e1 Paka - Rumpalcha\"><img decoding=\"async\" src=\"https:\/\/www.otuzilci-brno.cz\/wp-content\/uploads\/13661210993_df691115bc_m1-150x100.jpg\" width=\"50\" alt=\"5.4.2014 - Nov\u00e1 Paka - Rumpalcha\" \/><\/a><\/div> <h3 class=\"page-list-ext-title\"><a href=\"https:\/\/www.otuzilci-brno.cz\/?page_id=1237\" title=\"5.4.2014 - Nov\u00e1 Paka - Rumpalcha\">5.4.2014 - Nov\u00e1 Paka - Rumpalcha<\/a><\/h3><div class=\"page-list-ext-item-content\">Z\u00e1vod v zimn\u00edm plav\u00e1n\u00ed<\/div><\/div>\n<div class=\"page-list-ext-item\"><div class=\"page-list-ext-image\"><a href=\"https:\/\/www.otuzilci-brno.cz\/?page_id=1219\" title=\"29.3.2014 - \u010cehovice\"><img decoding=\"async\" src=\"https:\/\/www.otuzilci-brno.cz\/wp-content\/uploads\/13534757005_86a7ed0dfd_m1-100x150.jpg\" width=\"50\" alt=\"29.3.2014 - \u010cehovice\" \/><\/a><\/div> <h3 class=\"page-list-ext-title\"><a href=\"https:\/\/www.otuzilci-brno.cz\/?page_id=1219\" title=\"29.3.2014 - \u010cehovice\">29.3.2014 - \u010cehovice<\/a><\/h3><div class=\"page-list-ext-item-content\">Z\u00e1vod v zimn\u00edm plav\u00e1n\u00ed<\/div><\/div>\n<div class=\"page-list-ext-item\"><div class=\"page-list-ext-image\"><a href=\"https:\/\/www.otuzilci-brno.cz\/?page_id=1143\" title=\"15.3.2014 - Senec (Slovensko)\"><img decoding=\"async\" src=\"https:\/\/www.otuzilci-brno.cz\/wp-content\/uploads\/13194000894_42a18851b1_m1-150x100.jpg\" width=\"50\" alt=\"15.3.2014 - Senec (Slovensko)\" \/><\/a><\/div> <h3 class=\"page-list-ext-title\"><a href=\"https:\/\/www.otuzilci-brno.cz\/?page_id=1143\" title=\"15.3.2014 - Senec (Slovensko)\">15.3.2014 - Senec (Slovensko)<\/a><\/h3><div class=\"page-list-ext-item-content\">Z\u00e1vod v zimn\u00edm plav\u00e1n\u00ed\r\n<\/div><\/div>\n<div class=\"page-list-ext-item\"><div class=\"page-list-ext-image\"><a href=\"https:\/\/www.otuzilci-brno.cz\/?page_id=1056\" title=\"9.3.2014 - \u0160o\u0161\u016fvka\"><img decoding=\"async\" src=\"https:\/\/www.otuzilci-brno.cz\/wp-content\/uploads\/13039307834_6ee0822908_m1-150x100.jpg\" width=\"50\" alt=\"9.3.2014 - \u0160o\u0161\u016fvka\" \/><\/a><\/div> <h3 class=\"page-list-ext-title\"><a href=\"https:\/\/www.otuzilci-brno.cz\/?page_id=1056\" title=\"9.3.2014 - \u0160o\u0161\u016fvka\">9.3.2014 - \u0160o\u0161\u016fvka<\/a><\/h3><div class=\"page-list-ext-item-content\">otu\u017eileck\u00e9 plav\u00e1n\u00ed\r\n<\/div><\/div>\n<div class=\"page-list-ext-item\"><div class=\"page-list-ext-image\"><a href=\"https:\/\/www.otuzilci-brno.cz\/?page_id=1057\" title=\"8.3.2014 - Z\u00e1b\u0159eh - Doln\u00ed Bu\u0161\u00ednov\"><img decoding=\"async\" src=\"https:\/\/www.otuzilci-brno.cz\/wp-content\/uploads\/13017582354_16594e1e18_m1-150x100.jpg\" width=\"50\" alt=\"8.3.2014 - Z\u00e1b\u0159eh - Doln\u00ed Bu\u0161\u00ednov\" \/><\/a><\/div> <h3 class=\"page-list-ext-title\"><a href=\"https:\/\/www.otuzilci-brno.cz\/?page_id=1057\" title=\"8.3.2014 - Z\u00e1b\u0159eh - Doln\u00ed Bu\u0161\u00ednov\">8.3.2014 - Z\u00e1b\u0159eh - Doln\u00ed Bu\u0161\u00ednov<\/a><\/h3><div class=\"page-list-ext-item-content\">Z\u00e1vod v zimn\u00edm plav\u00e1n\u00ed<\/div><\/div>\n<div class=\"page-list-ext-item\"><div class=\"page-list-ext-image\"><a href=\"https:\/\/www.otuzilci-brno.cz\/?page_id=1014\" title=\"1.3.2014 - Praha - Mistrovstv\u00ed v \u010cR - prsa\"><img decoding=\"async\" src=\"https:\/\/www.otuzilci-brno.cz\/wp-content\/uploads\/12898300053_654870326e_m1-150x100.jpg\" width=\"50\" alt=\"1.3.2014 - Praha - Mistrovstv\u00ed v \u010cR - prsa\" \/><\/a><\/div> <h3 class=\"page-list-ext-title\"><a href=\"https:\/\/www.otuzilci-brno.cz\/?page_id=1014\" title=\"1.3.2014 - Praha - Mistrovstv\u00ed v \u010cR - prsa\">1.3.2014 - Praha - Mistrovstv\u00ed v \u010cR - prsa<\/a><\/h3><div class=\"page-list-ext-item-content\">Mistrovstv\u00ed \u010cR v zimn\u00edm plav\u00e1n\u00ed - prsa<\/div><\/div>\n<div class=\"page-list-ext-item\"><div class=\"page-list-ext-image\"><a href=\"https:\/\/www.otuzilci-brno.cz\/?page_id=997\" title=\"22.2.2014 - Olomouc\"><img decoding=\"async\" src=\"https:\/\/www.otuzilci-brno.cz\/wp-content\/uploads\/12725749633_e36e0a5853_m1-150x100.jpg\" width=\"50\" alt=\"22.2.2014 - Olomouc\" \/><\/a><\/div> <h3 class=\"page-list-ext-title\"><a href=\"https:\/\/www.otuzilci-brno.cz\/?page_id=997\" title=\"22.2.2014 - Olomouc\">22.2.2014 - Olomouc<\/a><\/h3><div class=\"page-list-ext-item-content\">Z\u00e1vod v zimn\u00edm plav\u00e1n\u00ed<\/div><\/div>\n<div class=\"page-list-ext-item\"><div class=\"page-list-ext-image\"><a href=\"https:\/\/www.otuzilci-brno.cz\/?page_id=942\" title=\"8.2.2014 - Brno - Mistrovstv\u00ed \u010cR v zimn\u00edm plav\u00e1n\u00ed\"><img decoding=\"async\" src=\"https:\/\/www.otuzilci-brno.cz\/wp-content\/uploads\/12404760115_8699d748ae_m1-150x100.jpg\" width=\"50\" alt=\"8.2.2014 - Brno - Mistrovstv\u00ed \u010cR v zimn\u00edm plav\u00e1n\u00ed\" \/><\/a><\/div> <h3 class=\"page-list-ext-title\"><a href=\"https:\/\/www.otuzilci-brno.cz\/?page_id=942\" title=\"8.2.2014 - Brno - Mistrovstv\u00ed \u010cR v zimn\u00edm plav\u00e1n\u00ed\">8.2.2014 - Brno - Mistrovstv\u00ed \u010cR v zimn\u00edm plav\u00e1n\u00ed<\/a><\/h3><div class=\"page-list-ext-item-content\">Mistrovstv\u00ed \u010cR v zimn\u00edm plav\u00e1n\u00ed<\/div><\/div>\n<div class=\"page-list-ext-item\"><div class=\"page-list-ext-image\"><a href=\"https:\/\/www.otuzilci-brno.cz\/?page_id=901\" title=\"1.2.2014 - Praha - Br\u00e1nick\u00e9 ledy\"><img decoding=\"async\" src=\"https:\/\/www.otuzilci-brno.cz\/wp-content\/uploads\/12255174476_ac52035196_m1-150x150.jpg\" width=\"50\" alt=\"1.2.2014 - Praha - Br\u00e1nick\u00e9 ledy\" \/><\/a><\/div> <h3 class=\"page-list-ext-title\"><a href=\"https:\/\/www.otuzilci-brno.cz\/?page_id=901\" title=\"1.2.2014 - Praha - Br\u00e1nick\u00e9 ledy\">1.2.2014 - Praha - Br\u00e1nick\u00e9 ledy<\/a><\/h3><div class=\"page-list-ext-item-content\">Z\u00e1vod v zimn\u00edm plav\u00e1n\u00ed<\/div><\/div>\n<div class=\"page-list-ext-item\"><div class=\"page-list-ext-image\"><a href=\"https:\/\/www.otuzilci-brno.cz\/?page_id=734\" title=\"12.1.2014 - Bratislava - Dunaj\"><img decoding=\"async\" src=\"https:\/\/www.otuzilci-brno.cz\/wp-content\/uploads\/11910999705_acc32db6ea_m1-150x150.jpg\" width=\"50\" alt=\"12.1.2014 - Bratislava - Dunaj\" \/><\/a><\/div> <h3 class=\"page-list-ext-title\"><a href=\"https:\/\/www.otuzilci-brno.cz\/?page_id=734\" title=\"12.1.2014 - Bratislava - Dunaj\">12.1.2014 - Bratislava - Dunaj<\/a><\/h3><div class=\"page-list-ext-item-content\"><\/div><\/div>\n<div class=\"page-list-ext-item\"><div class=\"page-list-ext-image\"><a href=\"https:\/\/www.otuzilci-brno.cz\/?page_id=736\" title=\"11.1.2014 - N\u00e1chod\"><img decoding=\"async\" src=\"https:\/\/www.otuzilci-brno.cz\/wp-content\/uploads\/11893659514_3bafe4d59c_m1-150x150.jpg\" width=\"50\" alt=\"11.1.2014 - N\u00e1chod\" \/><\/a><\/div> <h3 class=\"page-list-ext-title\"><a href=\"https:\/\/www.otuzilci-brno.cz\/?page_id=736\" title=\"11.1.2014 - N\u00e1chod\">11.1.2014 - N\u00e1chod<\/a><\/h3><div class=\"page-list-ext-item-content\">Sout\u011b\u017e v zimn\u00edm plav\u00e1n\u00ed\r\n\r\n<\/div><\/div>\n<div class=\"page-list-ext-item\"><div class=\"page-list-ext-image\"><a href=\"https:\/\/www.otuzilci-brno.cz\/?page_id=564\" title=\"4.1.2014 - Pardubice\"><img decoding=\"async\" src=\"https:\/\/www.otuzilci-brno.cz\/wp-content\/uploads\/11873292454_6959caf875_m1-150x150.jpg\" width=\"50\" alt=\"4.1.2014 - Pardubice\" \/><\/a><\/div> <h3 class=\"page-list-ext-title\"><a href=\"https:\/\/www.otuzilci-brno.cz\/?page_id=564\" title=\"4.1.2014 - Pardubice\">4.1.2014 - Pardubice<\/a><\/h3><div class=\"page-list-ext-item-content\"><\/div><\/div>\n<div class=\"page-list-ext-item\"><div class=\"page-list-ext-image\"><a href=\"https:\/\/www.otuzilci-brno.cz\/?page_id=575\" title=\"1.1.2014 - K\u0159est otu\u017eilc\u016f Brno\"><img decoding=\"async\" src=\"https:\/\/www.otuzilci-brno.cz\/wp-content\/uploads\/11873187645_5652418eeb_m1-150x150.jpg\" width=\"50\" alt=\"1.1.2014 - K\u0159est otu\u017eilc\u016f Brno\" \/><\/a><\/div> <h3 class=\"page-list-ext-title\"><a href=\"https:\/\/www.otuzilci-brno.cz\/?page_id=575\" title=\"1.1.2014 - K\u0159est otu\u017eilc\u016f Brno\">1.1.2014 - K\u0159est otu\u017eilc\u016f Brno<\/a><\/h3><div class=\"page-list-ext-item-content\"><\/div><\/div>\n<div class=\"page-list-ext-item\"><div class=\"page-list-ext-image\"><a href=\"https:\/\/www.otuzilci-brno.cz\/?page_id=746\" title=\"21.12.2013 - P\u0159edv\u00e1no\u010dn\u00ed tr\u00e9nink\"><img decoding=\"async\" src=\"https:\/\/www.otuzilci-brno.cz\/wp-content\/uploads\/11484265435_9108586540_q1.jpg\" width=\"50\" alt=\"21.12.2013 - P\u0159edv\u00e1no\u010dn\u00ed tr\u00e9nink\" \/><\/a><\/div> <h3 class=\"page-list-ext-title\"><a href=\"https:\/\/www.otuzilci-brno.cz\/?page_id=746\" title=\"21.12.2013 - P\u0159edv\u00e1no\u010dn\u00ed tr\u00e9nink\">21.12.2013 - P\u0159edv\u00e1no\u010dn\u00ed tr\u00e9nink<\/a><\/h3><div class=\"page-list-ext-item-content\"><\/div><\/div>\n<div class=\"page-list-ext-item\"><div class=\"page-list-ext-image\"><a href=\"https:\/\/www.otuzilci-brno.cz\/?page_id=751\" title=\"7.12.2013 - Choce\u0148\"><img decoding=\"async\" src=\"https:\/\/www.otuzilci-brno.cz\/wp-content\/uploads\/11321534143_51334fc2ca_q1.jpg\" width=\"50\" alt=\"7.12.2013 - Choce\u0148\" \/><\/a><\/div> <h3 class=\"page-list-ext-title\"><a href=\"https:\/\/www.otuzilci-brno.cz\/?page_id=751\" title=\"7.12.2013 - Choce\u0148\">7.12.2013 - Choce\u0148<\/a><\/h3><div class=\"page-list-ext-item-content\">Z\u00e1vod zimn\u00edho plav\u00e1n\u00ed\r\n<\/div><\/div>\n<div class=\"page-list-ext-item\"><div class=\"page-list-ext-image\"><a href=\"https:\/\/www.otuzilci-brno.cz\/?page_id=576\" title=\"30.11.2013 - Hradec Kr\u00e1lov\u00e9\"><img decoding=\"async\" src=\"https:\/\/www.otuzilci-brno.cz\/wp-content\/uploads\/11874938945_d1459f9b8f_m1-150x150.jpg\" width=\"50\" alt=\"30.11.2013 - Hradec Kr\u00e1lov\u00e9\" \/><\/a><\/div> <h3 class=\"page-list-ext-title\"><a href=\"https:\/\/www.otuzilci-brno.cz\/?page_id=576\" title=\"30.11.2013 - Hradec Kr\u00e1lov\u00e9\">30.11.2013 - Hradec Kr\u00e1lov\u00e9<\/a><\/h3><div class=\"page-list-ext-item-content\">Z\u00e1vod v zimn\u00edm plav\u00e1n\u00ed\r\n<\/div><\/div>\n<div class=\"page-list-ext-item\"><div class=\"page-list-ext-image\"><a href=\"https:\/\/www.otuzilci-brno.cz\/?page_id=570\" title=\"23.11.2013 - Plze\u0148\"><img decoding=\"async\" src=\"https:\/\/www.otuzilci-brno.cz\/wp-content\/uploads\/11875899654_d6f305cf8a_m1-150x150.jpg\" width=\"50\" alt=\"23.11.2013 - Plze\u0148\" \/><\/a><\/div> <h3 class=\"page-list-ext-title\"><a href=\"https:\/\/www.otuzilci-brno.cz\/?page_id=570\" title=\"23.11.2013 - Plze\u0148\">23.11.2013 - Plze\u0148<\/a><\/h3><div class=\"page-list-ext-item-content\">\r\n\r\n\u00a9 Dalimil Marek<\/div><\/div>\n<div class=\"page-list-ext-item\"><div class=\"page-list-ext-image\"><a href=\"https:\/\/www.otuzilci-brno.cz\/?page_id=574\" title=\"16.11.2013 - \u010cehovice\"><img decoding=\"async\" src=\"https:\/\/www.otuzilci-brno.cz\/wp-content\/uploads\/11876053673_13fe3fbab2_m1-150x150.jpg\" width=\"50\" alt=\"16.11.2013 - \u010cehovice\" \/><\/a><\/div> <h3 class=\"page-list-ext-title\"><a href=\"https:\/\/www.otuzilci-brno.cz\/?page_id=574\" title=\"16.11.2013 - \u010cehovice\">16.11.2013 - \u010cehovice<\/a><\/h3><div class=\"page-list-ext-item-content\">Z\u00e1vod zimn\u00edho plav\u00e1n\u00ed\r\n<\/div><\/div>\n<div class=\"page-list-ext-item\"><div class=\"page-list-ext-image\"><a href=\"https:\/\/www.otuzilci-brno.cz\/?page_id=755\" title=\"9.11.2013 - Fojtka\"><img decoding=\"async\" src=\"https:\/\/www.otuzilci-brno.cz\/wp-content\/uploads\/10814804444_7e5565c0e0_q1.jpg\" width=\"50\" alt=\"9.11.2013 - Fojtka\" \/><\/a><\/div> <h3 class=\"page-list-ext-title\"><a href=\"https:\/\/www.otuzilci-brno.cz\/?page_id=755\" title=\"9.11.2013 - Fojtka\">9.11.2013 - Fojtka<\/a><\/h3><div class=\"page-list-ext-item-content\">Z\u00e1vod zimn\u00edho plav\u00e1n\u00ed\r\n<\/div><\/div>\n<div class=\"page-list-ext-item\"><div class=\"page-list-ext-image\"><a href=\"https:\/\/www.otuzilci-brno.cz\/?page_id=738\" title=\"12.10.2013 - Slavkov\"><img decoding=\"async\" src=\"https:\/\/www.otuzilci-brno.cz\/wp-content\/uploads\/10229981766_cc82de4cd4_q1.jpg\" width=\"50\" alt=\"12.10.2013 - Slavkov\" \/><\/a><\/div> <h3 class=\"page-list-ext-title\"><a href=\"https:\/\/www.otuzilci-brno.cz\/?page_id=738\" title=\"12.10.2013 - Slavkov\">12.10.2013 - Slavkov<\/a><\/h3><div class=\"page-list-ext-item-content\">Sout\u011b\u017e v zimn\u00edm plav\u00e1n\u00ed\r\n<\/div><\/div>\n<div class=\"page-list-ext-item\"><div class=\"page-list-ext-image\"><a href=\"https:\/\/www.otuzilci-brno.cz\/?page_id=492\" title=\"Slavkov 2010 duatlon\"><img decoding=\"async\" src=\"https:\/\/www.otuzilci-brno.cz\/wp-content\/uploads\/Slavkov10_2_009a1-150x150.jpg\" width=\"50\" alt=\"Slavkov 2010 duatlon\" \/><\/a><\/div> <h3 class=\"page-list-ext-title\"><a href=\"https:\/\/www.otuzilci-brno.cz\/?page_id=492\" title=\"Slavkov 2010 duatlon\">Slavkov 2010 duatlon<\/a><\/h3><div class=\"page-list-ext-item-content\">Sout\u011b\u017e v zimn\u00edm plav\u00e1n\u00ed\r\n\r\n\r\n<\/div><\/div>\n<div class=\"page-list-ext-item\"><div class=\"page-list-ext-image\"><a href=\"https:\/\/www.otuzilci-brno.cz\/?page_id=506\" title=\"M\u010cR Slavkov 2010\"><img decoding=\"async\" src=\"https:\/\/www.otuzilci-brno.cz\/wp-content\/uploads\/11800890086_ab51003f0a_q1.jpg\" width=\"50\" alt=\"M\u010cR Slavkov 2010\" \/><\/a><\/div> <h3 class=\"page-list-ext-title\"><a href=\"https:\/\/www.otuzilci-brno.cz\/?page_id=506\" title=\"M\u010cR Slavkov 2010\">M\u010cR Slavkov 2010<\/a><\/h3><div class=\"page-list-ext-item-content\">Mistrovstv\u00ed \u010cR v zimn\u00edm plav\u00e1n\u00ed prsa\u0159sk\u00fdm zp\u016fsobem 9.10.2010\r\n\r\n<\/div><\/div>\n<div class=\"page-list-ext-item\"><div class=\"page-list-ext-image\"><a href=\"https:\/\/www.otuzilci-brno.cz\/?page_id=590\" title=\"DP He\u0159manice 2010\"><img decoding=\"async\" src=\"https:\/\/www.otuzilci-brno.cz\/wp-content\/uploads\/Hermanice10_0351-150x150.jpg\" width=\"50\" alt=\"DP He\u0159manice 2010\" \/><\/a><\/div> <h3 class=\"page-list-ext-title\"><a href=\"https:\/\/www.otuzilci-brno.cz\/?page_id=590\" title=\"DP He\u0159manice 2010\">DP He\u0159manice 2010<\/a><\/h3><div class=\"page-list-ext-item-content\">Sout\u011b\u017e v d\u00e1lkov\u00e9m plav\u00e1n\u00ed\r\n\r\n\r\n<\/div><\/div>\n<div class=\"page-list-ext-item\"><div class=\"page-list-ext-image\"><a href=\"https:\/\/www.otuzilci-brno.cz\/?page_id=593\" title=\"DP M\u011blice 2010\"><img decoding=\"async\" src=\"https:\/\/www.otuzilci-brno.cz\/wp-content\/uploads\/DP_Melice10_0611-150x150.jpg\" width=\"50\" alt=\"DP M\u011blice 2010\" \/><\/a><\/div> <h3 class=\"page-list-ext-title\"><a href=\"https:\/\/www.otuzilci-brno.cz\/?page_id=593\" title=\"DP M\u011blice 2010\">DP M\u011blice 2010<\/a><\/h3><div class=\"page-list-ext-item-content\">Sout\u011b\u017e v d\u00e1lkov\u00e9m plav\u00e1n\u00ed\r\n\r\n<\/div><\/div>\n<div class=\"page-list-ext-item\"><div class=\"page-list-ext-image\"><a href=\"https:\/\/www.otuzilci-brno.cz\/?page_id=592\" title=\"B\u0159eclav 2010\"><img decoding=\"async\" src=\"https:\/\/www.otuzilci-brno.cz\/wp-content\/uploads\/ZPBreclav10_0071-150x150.jpg\" width=\"50\" alt=\"B\u0159eclav 2010\" \/><\/a><\/div> <h3 class=\"page-list-ext-title\"><a href=\"https:\/\/www.otuzilci-brno.cz\/?page_id=592\" title=\"B\u0159eclav 2010\">B\u0159eclav 2010<\/a><\/h3><div class=\"page-list-ext-item-content\">Sout\u011b\u017e v d\u00e1lkov\u00e9m plav\u00e1n\u00ed\r\n\r\n<\/div><\/div>\n<div class=\"page-list-ext-item\"><div class=\"page-list-ext-image\"><a href=\"https:\/\/www.otuzilci-brno.cz\/?page_id=596\" title=\"M\u010cR Slavkov 2009\"><img decoding=\"async\" src=\"https:\/\/www.otuzilci-brno.cz\/wp-content\/uploads\/Slavkov10_1_0061-150x150.jpg\" width=\"50\" alt=\"M\u010cR Slavkov 2009\" \/><\/a><\/div> <h3 class=\"page-list-ext-title\"><a href=\"https:\/\/www.otuzilci-brno.cz\/?page_id=596\" title=\"M\u010cR Slavkov 2009\">M\u010cR Slavkov 2009<\/a><\/h3><div class=\"page-list-ext-item-content\">Mistrovstv\u00ed \u010cR v zimn\u00edm plav\u00e1n\u00ed prsa\u0159sk\u00fdm zp\u016fsobem 9.10.2010\r\n\r\n<\/div><\/div>\n<div class=\"page-list-ext-item\"><div class=\"page-list-ext-image\"><a href=\"https:\/\/www.otuzilci-brno.cz\/?page_id=597\" title=\"DP Jablonec 2009\"><img decoding=\"async\" src=\"https:\/\/www.otuzilci-brno.cz\/wp-content\/uploads\/DP_Jablon09_0011-150x150.jpg\" width=\"50\" alt=\"DP Jablonec 2009\" \/><\/a><\/div> <h3 class=\"page-list-ext-title\"><a href=\"https:\/\/www.otuzilci-brno.cz\/?page_id=597\" title=\"DP Jablonec 2009\">DP Jablonec 2009<\/a><\/h3><div class=\"page-list-ext-item-content\">Sout\u011b\u017e v d\u00e1lkov\u00e9m plav\u00e1n\u00ed\r\n\r\n<\/div><\/div>\n<div class=\"page-list-ext-item\"><div class=\"page-list-ext-image\"><a href=\"https:\/\/www.otuzilci-brno.cz\/?page_id=598\" title=\"DP He\u0159manice 2009\"><img decoding=\"async\" src=\"https:\/\/www.otuzilci-brno.cz\/wp-content\/uploads\/DP_Herma09_022a1-150x150.jpg\" width=\"50\" alt=\"DP He\u0159manice 2009\" \/><\/a><\/div> <h3 class=\"page-list-ext-title\"><a href=\"https:\/\/www.otuzilci-brno.cz\/?page_id=598\" title=\"DP He\u0159manice 2009\">DP He\u0159manice 2009<\/a><\/h3><div class=\"page-list-ext-item-content\">Sout\u011b\u017e v d\u00e1lkov\u00e9m plav\u00e1n\u00ed\r\n\r\n<\/div><\/div>\n<div class=\"page-list-ext-item\"><div class=\"page-list-ext-image\"><a href=\"https:\/\/www.otuzilci-brno.cz\/?page_id=599\" title=\"DP Plumlov 2009\"><img decoding=\"async\" src=\"https:\/\/www.otuzilci-brno.cz\/wp-content\/uploads\/DP_Plumlo09_000_107a1-150x150.jpg\" width=\"50\" alt=\"DP Plumlov 2009\" \/><\/a><\/div> <h3 class=\"page-list-ext-title\"><a href=\"https:\/\/www.otuzilci-brno.cz\/?page_id=599\" title=\"DP Plumlov 2009\">DP Plumlov 2009<\/a><\/h3><div class=\"page-list-ext-item-content\">Sout\u011b\u017e v d\u00e1lkov\u00e9m plav\u00e1n\u00ed\r\n\r\n<\/div><\/div>\n<div class=\"page-list-ext-item\"><div class=\"page-list-ext-image\"><a href=\"https:\/\/www.otuzilci-brno.cz\/?page_id=600\" title=\"DP Bratislava 2009\"><img decoding=\"async\" src=\"https:\/\/www.otuzilci-brno.cz\/wp-content\/uploads\/DP_Bratis09_057a1-150x150.jpg\" width=\"50\" alt=\"DP Bratislava 2009\" \/><\/a><\/div> <h3 class=\"page-list-ext-title\"><a href=\"https:\/\/www.otuzilci-brno.cz\/?page_id=600\" title=\"DP Bratislava 2009\">DP Bratislava 2009<\/a><\/h3><div class=\"page-list-ext-item-content\">Sout\u011b\u017e v d\u00e1lkov\u00e9m plav\u00e1n\u00ed\r\n\r\n<\/div><\/div>\n<div class=\"page-list-ext-item\"><div class=\"page-list-ext-image\"><a href=\"https:\/\/www.otuzilci-brno.cz\/?page_id=601\" title=\"Bratislava 2009\"><img decoding=\"async\" src=\"https:\/\/www.otuzilci-brno.cz\/wp-content\/uploads\/ZP_Bratis09_0021-150x150.jpg\" width=\"50\" alt=\"Bratislava 2009\" \/><\/a><\/div> <h3 class=\"page-list-ext-title\"><a href=\"https:\/\/www.otuzilci-brno.cz\/?page_id=601\" title=\"Bratislava 2009\">Bratislava 2009<\/a><\/h3><div class=\"page-list-ext-item-content\">Sout\u011b\u017e v zimn\u00edm plav\u00e1n\u00ed\r\n\r\n<\/div><\/div>\n<div class=\"page-list-ext-item\"><div class=\"page-list-ext-image\"><a href=\"https:\/\/www.otuzilci-brno.cz\/?page_id=602\" title=\"B\u0159eclav 2009\"><img decoding=\"async\" src=\"https:\/\/www.otuzilci-brno.cz\/wp-content\/uploads\/ZP_Brecla09_0041-150x150.jpg\" width=\"50\" alt=\"B\u0159eclav 2009\" \/><\/a><\/div> <h3 class=\"page-list-ext-title\"><a href=\"https:\/\/www.otuzilci-brno.cz\/?page_id=602\" title=\"B\u0159eclav 2009\">B\u0159eclav 2009<\/a><\/h3><div class=\"page-list-ext-item-content\">Sout\u011b\u017e v zimn\u00edm plav\u00e1n\u00ed\r\n\r\n<\/div><\/div>\n<div class=\"page-list-ext-item\"><div class=\"page-list-ext-image\"><a href=\"https:\/\/www.otuzilci-brno.cz\/?page_id=603\" title=\"M\u010cR Brno 2009\"><img decoding=\"async\" src=\"https:\/\/www.otuzilci-brno.cz\/wp-content\/uploads\/mcr_svratka_20091-150x150.jpg\" width=\"50\" alt=\"M\u010cR Brno 2009\" \/><\/a><\/div> <h3 class=\"page-list-ext-title\"><a href=\"https:\/\/www.otuzilci-brno.cz\/?page_id=603\" title=\"M\u010cR Brno 2009\">M\u010cR Brno 2009<\/a><\/h3><div class=\"page-list-ext-item-content\">Mistrovsv\u00ed \u010cesk\u00e9 republiky ZP 2009\r\n\r\n<\/div><\/div>\n<div class=\"page-list-ext-item\"><div class=\"page-list-ext-image\"><a href=\"https:\/\/www.otuzilci-brno.cz\/?page_id=604\" title=\"Plumlov 2008\"><img decoding=\"async\" src=\"https:\/\/www.otuzilci-brno.cz\/wp-content\/uploads\/ZP_Plumlov0021-150x150.jpg\" width=\"50\" alt=\"Plumlov 2008\" \/><\/a><\/div> <h3 class=\"page-list-ext-title\"><a href=\"https:\/\/www.otuzilci-brno.cz\/?page_id=604\" title=\"Plumlov 2008\">Plumlov 2008<\/a><\/h3><div class=\"page-list-ext-item-content\">Sout\u011b\u017e v zimn\u00edm plav\u00e1n\u00ed\r\n\r\n<\/div><\/div>\n<div class=\"page-list-ext-item\"><div class=\"page-list-ext-image\"><a href=\"https:\/\/www.otuzilci-brno.cz\/?page_id=605\" title=\"Pardubice 2008\"><img decoding=\"async\" src=\"https:\/\/www.otuzilci-brno.cz\/wp-content\/uploads\/pardubice_20081-150x150.jpg\" width=\"50\" alt=\"Pardubice 2008\" \/><\/a><\/div> <h3 class=\"page-list-ext-title\"><a href=\"https:\/\/www.otuzilci-brno.cz\/?page_id=605\" title=\"Pardubice 2008\">Pardubice 2008<\/a><\/h3><div class=\"page-list-ext-item-content\">Sout\u011b\u017e v zimn\u00edm plav\u00e1n\u00ed\r\n\r\n<\/div><\/div>\n<div class=\"page-list-ext-item\"><div class=\"page-list-ext-image\"><a href=\"https:\/\/www.otuzilci-brno.cz\/?page_id=629\" title=\"M\u010cR Vy\u0161kov 2008\"><img decoding=\"async\" src=\"https:\/\/www.otuzilci-brno.cz\/wp-content\/uploads\/mcr_vyskov_20081-150x150.jpg\" width=\"50\" alt=\"M\u010cR Vy\u0161kov 2008\" \/><\/a><\/div> <h3 class=\"page-list-ext-title\"><a href=\"https:\/\/www.otuzilci-brno.cz\/?page_id=629\" title=\"M\u010cR Vy\u0161kov 2008\">M\u010cR Vy\u0161kov 2008<\/a><\/h3><div class=\"page-list-ext-item-content\">Mistrovstv\u00ed \u010desk\u00e9 republiky v prsa\u0159sk\u00e9m zp\u016fsobu\r\n\r\n<\/div><\/div>\n<div class=\"page-list-ext-item\"><div class=\"page-list-ext-image\"><a href=\"https:\/\/www.otuzilci-brno.cz\/?page_id=630\" title=\"Expedice Caledonia 2008\"><img decoding=\"async\" src=\"https:\/\/www.otuzilci-brno.cz\/wp-content\/uploads\/caledonia_20081-150x150.jpg\" width=\"50\" alt=\"Expedice Caledonia 2008\" \/><\/a><\/div> <h3 class=\"page-list-ext-title\"><a href=\"https:\/\/www.otuzilci-brno.cz\/?page_id=630\" title=\"Expedice Caledonia 2008\">Expedice Caledonia 2008<\/a><\/h3><div class=\"page-list-ext-item-content\">\u0160tafetov\u00e1 plavba v jeze\u0159e Loch Ness - 108km\r\n\r\n<\/div><\/div>\n<div class=\"page-list-ext-item\"><div class=\"page-list-ext-image\"><a href=\"https:\/\/www.otuzilci-brno.cz\/?page_id=631\" title=\"He\u0159manice l\u00e9to 2008\"><img decoding=\"async\" src=\"https:\/\/www.otuzilci-brno.cz\/wp-content\/uploads\/Hermanice08_1271-150x150.jpg\" width=\"50\" alt=\"He\u0159manice l\u00e9to 2008\" \/><\/a><\/div> <h3 class=\"page-list-ext-title\"><a href=\"https:\/\/www.otuzilci-brno.cz\/?page_id=631\" title=\"He\u0159manice l\u00e9to 2008\">He\u0159manice l\u00e9to 2008<\/a><\/h3><div class=\"page-list-ext-item-content\">Sout\u011b\u017e v d\u00e1lkov\u00e9m plav\u00e1n\u00ed\r\n\r\n<\/div><\/div>\n<div class=\"page-list-ext-item\"><div class=\"page-list-ext-image\"><a href=\"https:\/\/www.otuzilci-brno.cz\/?page_id=632\" title=\"Plumlov l\u00e9to 2008\"><img decoding=\"async\" src=\"https:\/\/www.otuzilci-brno.cz\/wp-content\/uploads\/DP_Plumlov_0791-150x150.jpg\" width=\"50\" alt=\"Plumlov l\u00e9to 2008\" \/><\/a><\/div> <h3 class=\"page-list-ext-title\"><a href=\"https:\/\/www.otuzilci-brno.cz\/?page_id=632\" title=\"Plumlov l\u00e9to 2008\">Plumlov l\u00e9to 2008<\/a><\/h3><div class=\"page-list-ext-item-content\">Sout\u011b\u017e v d\u00e1lkov\u00e9m plav\u00e1n\u00ed\r\n\r\n<\/div><\/div>\n<div class=\"page-list-ext-item\"><div class=\"page-list-ext-image\"><a href=\"https:\/\/www.otuzilci-brno.cz\/?page_id=633\" title=\"B\u0159eclav 16.2.2008\"><img decoding=\"async\" src=\"https:\/\/www.otuzilci-brno.cz\/wp-content\/uploads\/ZP_Breclav_0041-150x150.jpg\" width=\"50\" alt=\"B\u0159eclav 16.2.2008\" \/><\/a><\/div> <h3 class=\"page-list-ext-title\"><a href=\"https:\/\/www.otuzilci-brno.cz\/?page_id=633\" title=\"B\u0159eclav 16.2.2008\">B\u0159eclav 16.2.2008<\/a><\/h3><div class=\"page-list-ext-item-content\">Sout\u011b\u017e v zimn\u00edm plav\u00e1ni v B\u0159eclavi.\r\n\r\n<\/div><\/div>\n<div class=\"page-list-ext-item\"><div class=\"page-list-ext-image\"><a href=\"https:\/\/www.otuzilci-brno.cz\/?page_id=635\" title=\"K\u0159est na Svratce 1.1.2008\"><img decoding=\"async\" src=\"https:\/\/www.otuzilci-brno.cz\/wp-content\/uploads\/img_16811-150x150.jpg\" width=\"50\" alt=\"K\u0159est na Svratce 1.1.2008\" \/><\/a><\/div> <h3 class=\"page-list-ext-title\"><a href=\"https:\/\/www.otuzilci-brno.cz\/?page_id=635\" title=\"K\u0159est na Svratce 1.1.2008\">K\u0159est na Svratce 1.1.2008<\/a><\/h3><div class=\"page-list-ext-item-content\">K\u0159est otu\u017eilc\u016f ve Svratce 1.ledna roku 2008.\r\n\r\n<\/div><\/div>\n<div class=\"page-list-ext-item\"><div class=\"page-list-ext-image\"><a href=\"https:\/\/www.otuzilci-brno.cz\/?page_id=634\" title=\"Z\u00e1horsk\u00e1 ves 1.1.2008\"><img decoding=\"async\" src=\"https:\/\/www.otuzilci-brno.cz\/wp-content\/uploads\/DSC091241-150x150.jpg\" width=\"50\" alt=\"Z\u00e1horsk\u00e1 ves 1.1.2008\" \/><\/a><\/div> <h3 class=\"page-list-ext-title\"><a href=\"https:\/\/www.otuzilci-brno.cz\/?page_id=634\" title=\"Z\u00e1horsk\u00e1 ves 1.1.2008\">Z\u00e1horsk\u00e1 ves 1.1.2008<\/a><\/h3><div class=\"page-list-ext-item-content\">Plavba Slovensko - Rakousko a zp\u011bt na po\u010dest zru\u0161en\u00ed pohrani\u010dn\u00edch kontrol.\r\n\r\n<\/div><\/div>\n<div class=\"page-list-ext-item\"><div class=\"page-list-ext-image\"><a href=\"https:\/\/www.otuzilci-brno.cz\/?page_id=636\" title=\"M\u010cR Slavkov - 2007\"><img decoding=\"async\" src=\"https:\/\/www.otuzilci-brno.cz\/wp-content\/uploads\/dsc_01201-150x150.jpg\" width=\"50\" alt=\"M\u010cR Slavkov - 2007\" \/><\/a><\/div> <h3 class=\"page-list-ext-title\"><a href=\"https:\/\/www.otuzilci-brno.cz\/?page_id=636\" title=\"M\u010cR Slavkov - 2007\">M\u010cR Slavkov - 2007<\/a><\/h3><div class=\"page-list-ext-item-content\">Mistrovstv\u00ed \u010desk\u00e9 republiky v prsa\u0159sk\u00e9m zp\u016fsobu\r\n\r\n<\/div><\/div>\n<div class=\"page-list-ext-item\"><div class=\"page-list-ext-image\"><a href=\"https:\/\/www.otuzilci-brno.cz\/?page_id=651\" title=\"Slavkov nocovka - 2007\"><img decoding=\"async\" src=\"https:\/\/www.otuzilci-brno.cz\/wp-content\/uploads\/slavkov_noc_002_11-150x150.jpg\" width=\"50\" alt=\"Slavkov nocovka - 2007\" \/><\/a><\/div> <h3 class=\"page-list-ext-title\"><a href=\"https:\/\/www.otuzilci-brno.cz\/?page_id=651\" title=\"Slavkov nocovka - 2007\">Slavkov nocovka - 2007<\/a><\/h3><div class=\"page-list-ext-item-content\">No\u010dn\u00ed tr\u00e9nink ve Slavkov\u011b\r\n\r\n<\/div><\/div>\n<div class=\"page-list-ext-item\"><div class=\"page-list-ext-image\"><a href=\"https:\/\/www.otuzilci-brno.cz\/?page_id=652\" title=\"M\u010cR Brno - 2006\"><img decoding=\"async\" src=\"https:\/\/www.otuzilci-brno.cz\/wp-content\/uploads\/hpim3762_11-150x150.jpg\" width=\"50\" alt=\"M\u010cR Brno - 2006\" \/><\/a><\/div> <h3 class=\"page-list-ext-title\"><a href=\"https:\/\/www.otuzilci-brno.cz\/?page_id=652\" title=\"M\u010cR Brno - 2006\">M\u010cR Brno - 2006<\/a><\/h3><div class=\"page-list-ext-item-content\">Mistrovstv\u00ed \u010cesk\u00e9 republiky v Brn\u011b na Svratce\r\n\r\n<\/div><\/div>\n<div class=\"page-list-ext-item\"><div class=\"page-list-ext-image\"><a href=\"https:\/\/www.otuzilci-brno.cz\/?page_id=653\" title=\"M\u010cR Slavkov - 2006\"><img decoding=\"async\" src=\"https:\/\/www.otuzilci-brno.cz\/wp-content\/uploads\/DSC049541-150x150.jpg\" width=\"50\" alt=\"M\u010cR Slavkov - 2006\" \/><\/a><\/div> <h3 class=\"page-list-ext-title\"><a href=\"https:\/\/www.otuzilci-brno.cz\/?page_id=653\" title=\"M\u010cR Slavkov - 2006\">M\u010cR Slavkov - 2006<\/a><\/h3><div class=\"page-list-ext-item-content\">Mistrovstv\u00ed \u010desk\u00e9 republiky v prsa\u0159sk\u00e9m zp\u016fsobu\r\n\r\n<\/div><\/div>\n\n<\/div>\n","protected":false},"excerpt":{"rendered":"","protected":false},"author":1,"featured_media":0,"parent":0,"menu_order":0,"comment_status":"closed","ping_status":"open","template":"","meta":{"ngg_post_thumbnail":0,"footnotes":""},"class_list":["post-238","page","type-page","status-publish","hentry"],"_links":{"self":[{"href":"https:\/\/www.otuzilci-brno.cz\/index.php?rest_route=\/wp\/v2\/pages\/238","targetHints":{"allow":["GET"]}}],"collection":[{"href":"https:\/\/www.otuzilci-brno.cz\/index.php?rest_route=\/wp\/v2\/pages"}],"about":[{"href":"https:\/\/www.otuzilci-brno.cz\/index.php?rest_route=\/wp\/v2\/types\/page"}],"author":[{"embeddable":true,"href":"https:\/\/www.otuzilci-brno.cz\/index.php?rest_route=\/wp\/v2\/users\/1"}],"replies":[{"embeddable":true,"href":"https:\/\/www.otuzilci-brno.cz\/index.php?rest_route=%2Fwp%2Fv2%2Fcomments&post=238"}],"version-history":[{"count":7,"href":"https:\/\/www.otuzilci-brno.cz\/index.php?rest_route=\/wp\/v2\/pages\/238\/revisions"}],"predecessor-version":[{"id":7511,"href":"https:\/\/www.otuzilci-brno.cz\/index.php?rest_route=\/wp\/v2\/pages\/238\/revisions\/7511"}],"wp:attachment":[{"href":"https:\/\/www.otuzilci-brno.cz\/index.php?rest_route=%2Fwp%2Fv2%2Fmedia&parent=238"}],"curies":[{"name":"wp","href":"https:\/\/api.w.org\/{rel}","templated":true}]}}